{"id":1430,"date":"2024-07-08T19:06:12","date_gmt":"2024-07-08T18:06:12","guid":{"rendered":"https:\/\/monnempride.de\/?page_id=1430"},"modified":"2024-07-08T19:06:13","modified_gmt":"2024-07-08T18:06:13","slug":"politik","status":"publish","type":"page","link":"https:\/\/monnempride.de\/en\/politik\/","title":{"rendered":"Politik"},"content":{"rendered":"<div class=\"wp-block-cover alignfull has-custom-content-position is-position-bottom-center\"><span aria-hidden=\"true\" class=\"wp-block-cover__background has-background-dim\"><\/span><img loading=\"lazy\" decoding=\"async\" width=\"2000\" height=\"668\" class=\"wp-block-cover__image-background wp-image-673\" alt=\"\" src=\"http:\/\/monnempride.de\/wp-content\/uploads\/2024\/03\/Bild4.png\" data-object-fit=\"cover\" srcset=\"https:\/\/monnempride.de\/wp-content\/uploads\/2024\/03\/Bild4.png 2000w, https:\/\/monnempride.de\/wp-content\/uploads\/2024\/03\/Bild4-300x100.png 300w, https:\/\/monnempride.de\/wp-content\/uploads\/2024\/03\/Bild4-1024x342.png 1024w, https:\/\/monnempride.de\/wp-content\/uploads\/2024\/03\/Bild4-768x257.png 768w, https:\/\/monnempride.de\/wp-content\/uploads\/2024\/03\/Bild4-1536x513.png 1536w\" sizes=\"auto, (max-width: 2000px) 100vw, 2000px\" \/><div class=\"wp-block-cover__inner-container is-layout-constrained wp-block-cover-is-layout-constrained\">\n<h1 class=\"wp-block-heading has-text-align-center\" style=\"font-size:60px;font-style:normal;font-weight:900\">Politik<\/h1>\n<\/div><\/div>\n\n\n\n<div style=\"height:100px\" aria-hidden=\"true\" class=\"wp-block-spacer\"><\/div>\n\n\n\n<h2 class=\"wp-block-heading has-vivid-red-color has-text-color has-link-color has-large-font-size wp-elements-dddcce87f700de3d8fafc22c982c4980\" style=\"font-style:normal;font-weight:900\">Politik<\/h2>\n\n\n\n<p>Wir freuen uns \u00fcber die Unterst\u00fctzung durch Reden von:<\/p>\n\n\n\n<div class=\"wp-block-columns are-vertically-aligned-center is-layout-flex wp-container-core-columns-is-layout-28f84493 wp-block-columns-is-layout-flex\">\n<div class=\"wp-block-column is-vertically-aligned-center is-layout-flow wp-block-column-is-layout-flow\">\n<figure class=\"wp-block-image size-large is-resized\"><img loading=\"lazy\" decoding=\"async\" width=\"1024\" height=\"683\" src=\"https:\/\/monnempride.de\/wp-content\/uploads\/2024\/07\/Mannheim_Specht_Christian_1642_fin-1024x683.jpg\" alt=\"\" class=\"wp-image-1432\" style=\"width:400px\" srcset=\"https:\/\/monnempride.de\/wp-content\/uploads\/2024\/07\/Mannheim_Specht_Christian_1642_fin-1024x683.jpg 1024w, https:\/\/monnempride.de\/wp-content\/uploads\/2024\/07\/Mannheim_Specht_Christian_1642_fin-300x200.jpg 300w, https:\/\/monnempride.de\/wp-content\/uploads\/2024\/07\/Mannheim_Specht_Christian_1642_fin-768x512.jpg 768w, https:\/\/monnempride.de\/wp-content\/uploads\/2024\/07\/Mannheim_Specht_Christian_1642_fin-1536x1024.jpg 1536w, https:\/\/monnempride.de\/wp-content\/uploads\/2024\/07\/Mannheim_Specht_Christian_1642_fin-2048x1366.jpg 2048w\" sizes=\"auto, (max-width: 1024px) 100vw, 1024px\" \/><figcaption class=\"wp-element-caption\">Quelle: <a href=\"https:\/\/www.mannheim.de\/de\/bildmaterial-der-dezernenten\" target=\"_blank\" rel=\"noreferrer noopener\">https:\/\/www.mannheim.de\/de\/bildmaterial-der-dezernenten<\/a><\/figcaption><\/figure>\n<\/div>\n\n\n\n<div class=\"wp-block-column is-vertically-aligned-center is-layout-flow wp-block-column-is-layout-flow\">\n<h2 class=\"wp-block-heading\" style=\"font-size:30px;font-style:normal;font-weight:900\">Oberb\u00fcrgermeister der Stadt Mannheim Christian Specht zur Er\u00f6ffnung der Demonstration um 14:30 Uhr<\/h2>\n<\/div>\n<\/div>\n\n\n\n<div class=\"wp-block-columns are-vertically-aligned-center is-layout-flex wp-container-core-columns-is-layout-28f84493 wp-block-columns-is-layout-flex\">\n<div class=\"wp-block-column is-vertically-aligned-center is-layout-flow wp-block-column-is-layout-flow\">\n<figure class=\"wp-block-image size-large is-resized\"><img loading=\"lazy\" decoding=\"async\" width=\"1024\" height=\"576\" src=\"https:\/\/monnempride.de\/wp-content\/uploads\/2024\/07\/csm_steinruck_a6928185ff-1024x576.jpg\" alt=\"\" class=\"wp-image-1433\" style=\"width:400px\" srcset=\"https:\/\/monnempride.de\/wp-content\/uploads\/2024\/07\/csm_steinruck_a6928185ff-1024x576.jpg 1024w, https:\/\/monnempride.de\/wp-content\/uploads\/2024\/07\/csm_steinruck_a6928185ff-300x169.jpg 300w, https:\/\/monnempride.de\/wp-content\/uploads\/2024\/07\/csm_steinruck_a6928185ff-768x432.jpg 768w, https:\/\/monnempride.de\/wp-content\/uploads\/2024\/07\/csm_steinruck_a6928185ff.jpg 1400w\" sizes=\"auto, (max-width: 1024px) 100vw, 1024px\" \/><figcaption class=\"wp-element-caption\">Quelle: <a href=\"https:\/\/ludwigshafen.de\/verwaltung-politik\/stadtverwaltung-rathaus\/oberbuergermeisterin-jutta-steinruck\" target=\"_blank\" rel=\"noreferrer noopener\">https:\/\/ludwigshafen.de\/verwaltung-politik\/stadtverwaltung-rathaus\/oberbuergermeisterin-jutta-steinruck<\/a><\/figcaption><\/figure>\n<\/div>\n\n\n\n<div class=\"wp-block-column is-vertically-aligned-center is-layout-flow wp-block-column-is-layout-flow\">\n<h2 class=\"wp-block-heading\" style=\"font-size:30px;font-style:normal;font-weight:900\">Oberb\u00fcrgermeisterin der Stadt Ludwigshafen Jutta Steinruck zur Er\u00f6ffnung der Demonstration um 14:30 Uhr<\/h2>\n<\/div>\n<\/div>\n\n\n\n<div class=\"wp-block-columns are-vertically-aligned-center is-layout-flex wp-container-core-columns-is-layout-28f84493 wp-block-columns-is-layout-flex\">\n<div class=\"wp-block-column is-vertically-aligned-center is-layout-flow wp-block-column-is-layout-flow\">\n<figure class=\"wp-block-image size-large is-resized\"><img loading=\"lazy\" decoding=\"async\" width=\"1024\" height=\"1024\" src=\"https:\/\/monnempride.de\/wp-content\/uploads\/2024\/07\/Screenshot_20240621_092145_Instagram-1024x1024.jpg\" alt=\"\" class=\"wp-image-1436\" style=\"width:400px\" srcset=\"https:\/\/monnempride.de\/wp-content\/uploads\/2024\/07\/Screenshot_20240621_092145_Instagram-1024x1024.jpg 1024w, https:\/\/monnempride.de\/wp-content\/uploads\/2024\/07\/Screenshot_20240621_092145_Instagram-300x300.jpg 300w, https:\/\/monnempride.de\/wp-content\/uploads\/2024\/07\/Screenshot_20240621_092145_Instagram-150x150.jpg 150w, https:\/\/monnempride.de\/wp-content\/uploads\/2024\/07\/Screenshot_20240621_092145_Instagram-768x768.jpg 768w, https:\/\/monnempride.de\/wp-content\/uploads\/2024\/07\/Screenshot_20240621_092145_Instagram.jpg 1080w\" sizes=\"auto, (max-width: 1024px) 100vw, 1024px\" \/><\/figure>\n<\/div>\n\n\n\n<div class=\"wp-block-column is-vertically-aligned-center is-layout-flow wp-block-column-is-layout-flow\">\n<h2 class=\"wp-block-heading\" style=\"font-size:30px;font-style:normal;font-weight:900\">Wir freuen uns auch \u00fcber die Unterst\u00fctzung von Oberb\u00fcrgermeisterin der Stadt Speyer Stefanie Seiler. Da sie leider nicht pers\u00f6nlich anwesend sein kann, hat OB Stefanie Seiler der Monnem Pride ein Gru\u00dfwort zukommen lassen:<\/h2>\n<\/div>\n<\/div>\n\n\n\n<div class=\"wp-block-columns is-layout-flex wp-container-core-columns-is-layout-28f84493 wp-block-columns-is-layout-flex\">\n<div class=\"wp-block-column is-layout-flow wp-block-column-is-layout-flow\">\n<p><strong>Grusswort Stefanie Seiler, Oberb\u00fcrgermeisterin der Stadt Speyer<\/strong><br><br>Einmal im Jahr gehen zahlreiche Menschen Stolz und frohen Mutes auf die Stra\u00dfen, um uns Geh\u00f6r und Sichtbarkeit zu verschaffen. Erhobenen Hauptes streben wir nach Akzeptanz und Toleranz, um an unserer Gesellschaft zum Besseren mitzuwirken. Genau hierf\u00fcr wird versucht jedes Jahr ein aussagekr\u00e4ftiges und zeitgem\u00e4\u00dfes Motto zu finden. Eines, welches unsere Community feiert, fordert oder mahnt und UNS nach vorne stellt.<br><br>Doch es gibt politische und gesellschaftliche Kr\u00e4fte bei uns und in Europa, die uns diese Vielfalt absprechen wollen.<br><br>Umso wichtiger ist es an Tagen wie heute aufmerksam zu machen, dass auch in unserer Gesellschaft nur der Mensch z\u00e4hlt und es egal ist welches Geschlecht mensch hat und wen mensch liebt. Denn alle Menschen haben das Recht selbstbestimmt und ohne Diskriminierung zu leben.<br><br>Deshalb stellt sich die LSBTTIQ* Community aus der Metropolregion sichtbar und h\u00f6rbar hinter alle Menschen. Deshalb treten WIR f\u00fcr alle ein. Unter diesem Motto verwandelt sich beim CSD Rhein-Neckar (Mannheim) am 13. Juli 2024 die Mannheimer Innenstadt wieder in eine Partymeile.<br><br>Ein wichtiges Zeichnen gegen Hass und Diskriminierung mit einem starken Hinweis auf die derzeitigen politischen und gesellschaftlichen Str\u00f6mungen die queer sein kriminalisieren wollen oder dies bereits tun. Umso wichtiger laut bunt und wild zu sein!<br><br><strong>StrongerTogether- ein Hashtag &#8211; ein Motto &#8211; f\u00fcr uns alle. Wir geh\u00f6ren zusammen!<\/strong><\/p>\n<\/div>\n<\/div>","protected":false},"excerpt":{"rendered":"<p>Politik Wir freuen uns \u00fcber die Unterst\u00fctzung durch Reden von: Oberb\u00fcrgermeister der Stadt Mannheim Christian Specht zur Er\u00f6ffnung der Demonstration um 14:30 Uhr Oberb\u00fcrgermeisterin der Stadt Ludwigshafen Jutta Steinruck zur [&hellip;]<\/p>","protected":false},"author":1,"featured_media":0,"parent":0,"menu_order":0,"comment_status":"closed","ping_status":"closed","template":"","meta":{"_eb_attr":"","site-sidebar-layout":"default","site-content-layout":"","ast-site-content-layout":"default","site-content-style":"default","site-sidebar-style":"default","ast-global-header-display":"","ast-banner-title-visibility":"","ast-main-header-display":"","ast-hfb-above-header-display":"","ast-hfb-below-header-display":"","ast-hfb-mobile-header-display":"","site-post-title":"disabled","ast-breadcrumbs-content":"","ast-featured-img":"","footer-sml-layout":"","theme-transparent-header-meta":"","adv-header-id-meta":"","stick-header-meta":"","header-above-stick-meta":"","header-main-stick-meta":"","header-below-stick-meta":"","astra-migrate-meta-layouts":"default","ast-page-background-enabled":"default","ast-page-background-meta":{"desktop":{"background-color":"var(--ast-global-color-4)","background-image":"","background-repeat":"repeat","background-position":"center center","background-size":"auto","background-attachment":"scroll","background-type":"","background-media":"","overlay-type":"","overlay-color":"","overlay-opacity":"","overlay-gradient":""},"tablet":{"background-color":"","background-image":"","background-repeat":"repeat","background-position":"center center","background-size":"auto","background-attachment":"scroll","background-type":"","background-media":"","overlay-type":"","overlay-color":"","overlay-opacity":"","overlay-gradient":""},"mobile":{"background-color":"","background-image":"","background-repeat":"repeat","background-position":"center center","background-size":"auto","background-attachment":"scroll","background-type":"","background-media":"","overlay-type":"","overlay-color":"","overlay-opacity":"","overlay-gradient":""}},"ast-content-background-meta":{"desktop":{"background-color":"var(--ast-global-color-5)","background-image":"","background-repeat":"repeat","background-position":"center center","background-size":"auto","background-attachment":"scroll","background-type":"","background-media":"","overlay-type":"","overlay-color":"","overlay-opacity":"","overlay-gradient":""},"tablet":{"background-color":"var(--ast-global-color-5)","background-image":"","background-repeat":"repeat","background-position":"center center","background-size":"auto","background-attachment":"scroll","background-type":"","background-media":"","overlay-type":"","overlay-color":"","overlay-opacity":"","overlay-gradient":""},"mobile":{"background-color":"var(--ast-global-color-5)","background-image":"","background-repeat":"repeat","background-position":"center center","background-size":"auto","background-attachment":"scroll","background-type":"","background-media":"","overlay-type":"","overlay-color":"","overlay-opacity":"","overlay-gradient":""}},"footnotes":""},"class_list":["post-1430","page","type-page","status-publish","hentry"],"yoast_head":"<!-- This site is optimized with the Yoast SEO plugin v27.5 - https:\/\/yoast.com\/product\/yoast-seo-wordpress\/ -->\n<title>Politik &#8211; Monnem Pride<\/title>\n<meta name=\"robots\" content=\"index, follow, max-snippet:-1, max-image-preview:large, max-video-preview:-1\" \/>\n<link rel=\"canonical\" href=\"https:\/\/monnempride.de\/en\/politik\/\" \/>\n<meta property=\"og:locale\" content=\"en_US\" \/>\n<meta property=\"og:type\" content=\"article\" \/>\n<meta property=\"og:title\" content=\"Politik &#8211; Monnem Pride\" \/>\n<meta property=\"og:description\" content=\"Politik Wir freuen uns \u00fcber die Unterst\u00fctzung durch Reden von: Oberb\u00fcrgermeister der Stadt Mannheim Christian Specht zur Er\u00f6ffnung der Demonstration um 14:30 Uhr Oberb\u00fcrgermeisterin der Stadt Ludwigshafen Jutta Steinruck zur [&hellip;]\" \/>\n<meta property=\"og:url\" content=\"https:\/\/monnempride.de\/en\/politik\/\" \/>\n<meta property=\"og:site_name\" content=\"Monnem Pride\" \/>\n<meta property=\"article:modified_time\" content=\"2024-07-08T18:06:13+00:00\" \/>\n<meta property=\"og:image\" content=\"http:\/\/monnempride.de\/wp-content\/uploads\/2024\/03\/Bild4.png\" \/>\n<meta name=\"twitter:card\" content=\"summary_large_image\" \/>\n<meta name=\"twitter:label1\" content=\"Est. reading time\" \/>\n\t<meta name=\"twitter:data1\" content=\"3 minutes\" \/>\n<script type=\"application\/ld+json\" class=\"yoast-schema-graph\">{\"@context\":\"https:\\\/\\\/schema.org\",\"@graph\":[{\"@type\":\"WebPage\",\"@id\":\"https:\\\/\\\/monnempride.de\\\/politik\\\/\",\"url\":\"https:\\\/\\\/monnempride.de\\\/politik\\\/\",\"name\":\"Politik &#8211; Monnem Pride\",\"isPartOf\":{\"@id\":\"https:\\\/\\\/monnempride.de\\\/#website\"},\"primaryImageOfPage\":{\"@id\":\"https:\\\/\\\/monnempride.de\\\/politik\\\/#primaryimage\"},\"image\":{\"@id\":\"https:\\\/\\\/monnempride.de\\\/politik\\\/#primaryimage\"},\"thumbnailUrl\":\"http:\\\/\\\/monnempride.de\\\/wp-content\\\/uploads\\\/2024\\\/03\\\/Bild4.png\",\"datePublished\":\"2024-07-08T18:06:12+00:00\",\"dateModified\":\"2024-07-08T18:06:13+00:00\",\"breadcrumb\":{\"@id\":\"https:\\\/\\\/monnempride.de\\\/politik\\\/#breadcrumb\"},\"inLanguage\":\"en-US\",\"potentialAction\":[{\"@type\":\"ReadAction\",\"target\":[\"https:\\\/\\\/monnempride.de\\\/politik\\\/\"]}]},{\"@type\":\"ImageObject\",\"inLanguage\":\"en-US\",\"@id\":\"https:\\\/\\\/monnempride.de\\\/politik\\\/#primaryimage\",\"url\":\"http:\\\/\\\/monnempride.de\\\/wp-content\\\/uploads\\\/2024\\\/03\\\/Bild4.png\",\"contentUrl\":\"http:\\\/\\\/monnempride.de\\\/wp-content\\\/uploads\\\/2024\\\/03\\\/Bild4.png\"},{\"@type\":\"BreadcrumbList\",\"@id\":\"https:\\\/\\\/monnempride.de\\\/politik\\\/#breadcrumb\",\"itemListElement\":[{\"@type\":\"ListItem\",\"position\":1,\"name\":\"Startseite\",\"item\":\"https:\\\/\\\/monnempride.de\\\/\"},{\"@type\":\"ListItem\",\"position\":2,\"name\":\"Politik\"}]},{\"@type\":\"WebSite\",\"@id\":\"https:\\\/\\\/monnempride.de\\\/#website\",\"url\":\"https:\\\/\\\/monnempride.de\\\/\",\"name\":\"Monnem Pride\",\"description\":\"zusammen eins \u2013 intersektional. antifaschistisch. queer.\",\"publisher\":{\"@id\":\"https:\\\/\\\/monnempride.de\\\/#organization\"},\"potentialAction\":[{\"@type\":\"SearchAction\",\"target\":{\"@type\":\"EntryPoint\",\"urlTemplate\":\"https:\\\/\\\/monnempride.de\\\/?s={search_term_string}\"},\"query-input\":{\"@type\":\"PropertyValueSpecification\",\"valueRequired\":true,\"valueName\":\"search_term_string\"}}],\"inLanguage\":\"en-US\"},{\"@type\":\"Organization\",\"@id\":\"https:\\\/\\\/monnempride.de\\\/#organization\",\"name\":\"Monnem Pride\",\"url\":\"https:\\\/\\\/monnempride.de\\\/\",\"logo\":{\"@type\":\"ImageObject\",\"inLanguage\":\"en-US\",\"@id\":\"https:\\\/\\\/monnempride.de\\\/#\\\/schema\\\/logo\\\/image\\\/\",\"url\":\"http:\\\/\\\/monnempride.de\\\/wp-content\\\/uploads\\\/2024\\\/01\\\/cropped-Element-1Logo-1.png\",\"contentUrl\":\"http:\\\/\\\/monnempride.de\\\/wp-content\\\/uploads\\\/2024\\\/01\\\/cropped-Element-1Logo-1.png\",\"width\":200,\"height\":114,\"caption\":\"Monnem Pride\"},\"image\":{\"@id\":\"https:\\\/\\\/monnempride.de\\\/#\\\/schema\\\/logo\\\/image\\\/\"}}]}<\/script>\n<!-- \/ Yoast SEO plugin. -->","yoast_head_json":{"title":"Politik &#8211; Monnem Pride","robots":{"index":"index","follow":"follow","max-snippet":"max-snippet:-1","max-image-preview":"max-image-preview:large","max-video-preview":"max-video-preview:-1"},"canonical":"https:\/\/monnempride.de\/en\/politik\/","og_locale":"en_US","og_type":"article","og_title":"Politik &#8211; Monnem Pride","og_description":"Politik Wir freuen uns \u00fcber die Unterst\u00fctzung durch Reden von: Oberb\u00fcrgermeister der Stadt Mannheim Christian Specht zur Er\u00f6ffnung der Demonstration um 14:30 Uhr Oberb\u00fcrgermeisterin der Stadt Ludwigshafen Jutta Steinruck zur [&hellip;]","og_url":"https:\/\/monnempride.de\/en\/politik\/","og_site_name":"Monnem Pride","article_modified_time":"2024-07-08T18:06:13+00:00","og_image":[{"url":"http:\/\/monnempride.de\/wp-content\/uploads\/2024\/03\/Bild4.png","type":"","width":"","height":""}],"twitter_card":"summary_large_image","twitter_misc":{"Est. reading time":"3 minutes"},"schema":{"@context":"https:\/\/schema.org","@graph":[{"@type":"WebPage","@id":"https:\/\/monnempride.de\/politik\/","url":"https:\/\/monnempride.de\/politik\/","name":"Politik &#8211; Monnem Pride","isPartOf":{"@id":"https:\/\/monnempride.de\/#website"},"primaryImageOfPage":{"@id":"https:\/\/monnempride.de\/politik\/#primaryimage"},"image":{"@id":"https:\/\/monnempride.de\/politik\/#primaryimage"},"thumbnailUrl":"http:\/\/monnempride.de\/wp-content\/uploads\/2024\/03\/Bild4.png","datePublished":"2024-07-08T18:06:12+00:00","dateModified":"2024-07-08T18:06:13+00:00","breadcrumb":{"@id":"https:\/\/monnempride.de\/politik\/#breadcrumb"},"inLanguage":"en-US","potentialAction":[{"@type":"ReadAction","target":["https:\/\/monnempride.de\/politik\/"]}]},{"@type":"ImageObject","inLanguage":"en-US","@id":"https:\/\/monnempride.de\/politik\/#primaryimage","url":"http:\/\/monnempride.de\/wp-content\/uploads\/2024\/03\/Bild4.png","contentUrl":"http:\/\/monnempride.de\/wp-content\/uploads\/2024\/03\/Bild4.png"},{"@type":"BreadcrumbList","@id":"https:\/\/monnempride.de\/politik\/#breadcrumb","itemListElement":[{"@type":"ListItem","position":1,"name":"Startseite","item":"https:\/\/monnempride.de\/"},{"@type":"ListItem","position":2,"name":"Politik"}]},{"@type":"WebSite","@id":"https:\/\/monnempride.de\/#website","url":"https:\/\/monnempride.de\/","name":"Monnem Pride","description":"zusammen eins \u2013 intersektional. antifaschistisch. queer.","publisher":{"@id":"https:\/\/monnempride.de\/#organization"},"potentialAction":[{"@type":"SearchAction","target":{"@type":"EntryPoint","urlTemplate":"https:\/\/monnempride.de\/?s={search_term_string}"},"query-input":{"@type":"PropertyValueSpecification","valueRequired":true,"valueName":"search_term_string"}}],"inLanguage":"en-US"},{"@type":"Organization","@id":"https:\/\/monnempride.de\/#organization","name":"Monnem Pride","url":"https:\/\/monnempride.de\/","logo":{"@type":"ImageObject","inLanguage":"en-US","@id":"https:\/\/monnempride.de\/#\/schema\/logo\/image\/","url":"http:\/\/monnempride.de\/wp-content\/uploads\/2024\/01\/cropped-Element-1Logo-1.png","contentUrl":"http:\/\/monnempride.de\/wp-content\/uploads\/2024\/01\/cropped-Element-1Logo-1.png","width":200,"height":114,"caption":"Monnem Pride"},"image":{"@id":"https:\/\/monnempride.de\/#\/schema\/logo\/image\/"}}]}},"_links":{"self":[{"href":"https:\/\/monnempride.de\/en\/wp-json\/wp\/v2\/pages\/1430","targetHints":{"allow":["GET"]}}],"collection":[{"href":"https:\/\/monnempride.de\/en\/wp-json\/wp\/v2\/pages"}],"about":[{"href":"https:\/\/monnempride.de\/en\/wp-json\/wp\/v2\/types\/page"}],"author":[{"embeddable":true,"href":"https:\/\/monnempride.de\/en\/wp-json\/wp\/v2\/users\/1"}],"replies":[{"embeddable":true,"href":"https:\/\/monnempride.de\/en\/wp-json\/wp\/v2\/comments?post=1430"}],"version-history":[{"count":2,"href":"https:\/\/monnempride.de\/en\/wp-json\/wp\/v2\/pages\/1430\/revisions"}],"predecessor-version":[{"id":2667,"href":"https:\/\/monnempride.de\/en\/wp-json\/wp\/v2\/pages\/1430\/revisions\/2667"}],"wp:attachment":[{"href":"https:\/\/monnempride.de\/en\/wp-json\/wp\/v2\/media?parent=1430"}],"curies":[{"name":"wp","href":"https:\/\/api.w.org\/{rel}","templated":true}]}}