{"id":2432,"date":"2025-04-15T20:47:47","date_gmt":"2025-04-15T19:47:47","guid":{"rendered":"https:\/\/monnempride.de\/?page_id=2432"},"modified":"2025-04-16T09:48:30","modified_gmt":"2025-04-16T08:48:30","slug":"werde-volunteer","status":"publish","type":"page","link":"https:\/\/monnempride.de\/en\/werde-volunteer\/","title":{"rendered":"Become a volunteer"},"content":{"rendered":"<div class=\"wp-block-cover alignfull\"><img loading=\"lazy\" decoding=\"async\" width=\"1024\" height=\"683\" class=\"wp-block-cover__image-background wp-image-2412\" alt=\"\" src=\"https:\/\/monnempride.de\/wp-content\/uploads\/2025\/04\/Monnem-Pride-2024-Buehne-Fest-Fotos-Alexander-Kaestel-Mannheim-4072084-1024x683-1.jpg\" data-object-fit=\"cover\" srcset=\"https:\/\/monnempride.de\/wp-content\/uploads\/2025\/04\/Monnem-Pride-2024-Buehne-Fest-Fotos-Alexander-Kaestel-Mannheim-4072084-1024x683-1.jpg 1024w, https:\/\/monnempride.de\/wp-content\/uploads\/2025\/04\/Monnem-Pride-2024-Buehne-Fest-Fotos-Alexander-Kaestel-Mannheim-4072084-1024x683-1-300x200.jpg 300w, https:\/\/monnempride.de\/wp-content\/uploads\/2025\/04\/Monnem-Pride-2024-Buehne-Fest-Fotos-Alexander-Kaestel-Mannheim-4072084-1024x683-1-768x512.jpg 768w, https:\/\/monnempride.de\/wp-content\/uploads\/2025\/04\/Monnem-Pride-2024-Buehne-Fest-Fotos-Alexander-Kaestel-Mannheim-4072084-1024x683-1-18x12.jpg 18w\" sizes=\"auto, (max-width: 1024px) 100vw, 1024px\" \/><span aria-hidden=\"true\" class=\"wp-block-cover__background has-background-dim\" style=\"background-color:#524c7e\"><\/span><div class=\"wp-block-cover__inner-container is-layout-constrained wp-block-cover-is-layout-constrained\">\n<h1 class=\"wp-block-heading has-text-align-center has-ast-global-color-5-color has-text-color has-x-large-font-size\" style=\"font-style:normal;font-weight:900\">Become a volunteer<\/h1>\n<\/div><\/div>\n\n\n\n<div style=\"height:35px\" aria-hidden=\"true\" class=\"wp-block-spacer\"><\/div>\n\n\n\n<div class=\"wp-block-columns alignwide are-vertically-aligned-center is-layout-flex wp-container-core-columns-is-layout-28f84493 wp-block-columns-is-layout-flex\" style=\"border-style:none;border-width:0px;border-radius:0px\">\n<div class=\"wp-block-column is-vertically-aligned-center is-layout-flow wp-block-column-is-layout-flow\">\n<figure class=\"wp-block-image size-large\"><img loading=\"lazy\" decoding=\"async\" width=\"1024\" height=\"683\" src=\"https:\/\/monnempride.de\/wp-content\/uploads\/2024\/03\/CSD-Auswahl-Foto-Alexander-Kaestel-23087827-1024x683.jpg\" alt=\"\" class=\"wp-image-748\" srcset=\"https:\/\/monnempride.de\/wp-content\/uploads\/2024\/03\/CSD-Auswahl-Foto-Alexander-Kaestel-23087827-1024x683.jpg 1024w, https:\/\/monnempride.de\/wp-content\/uploads\/2024\/03\/CSD-Auswahl-Foto-Alexander-Kaestel-23087827-300x200.jpg 300w, https:\/\/monnempride.de\/wp-content\/uploads\/2024\/03\/CSD-Auswahl-Foto-Alexander-Kaestel-23087827-768x512.jpg 768w, https:\/\/monnempride.de\/wp-content\/uploads\/2024\/03\/CSD-Auswahl-Foto-Alexander-Kaestel-23087827-1536x1024.jpg 1536w, https:\/\/monnempride.de\/wp-content\/uploads\/2024\/03\/CSD-Auswahl-Foto-Alexander-Kaestel-23087827-2048x1366.jpg 2048w\" sizes=\"auto, (max-width: 1024px) 100vw, 1024px\" \/><\/figure>\n<\/div>\n\n\n\n<div class=\"wp-block-column is-vertically-aligned-center is-layout-flow wp-block-column-is-layout-flow\" style=\"padding-top:var(--wp--preset--spacing--70);padding-right:var(--wp--preset--spacing--20);padding-bottom:var(--wp--preset--spacing--70);padding-left:var(--wp--preset--spacing--20)\">\n<h2 class=\"wp-block-heading\">Sei Dabei!<\/h2>\n\n\n\n<p class=\"has-text-align-left\" style=\"border-top-style:none;border-top-width:0px;border-right-color:var(--wp--preset--color--ast-global-color-5);border-right-width:20px;border-bottom-style:none;border-bottom-width:0px;border-left-style:none;border-left-width:0px\">Du m\u00f6chtest dich ehrenamtlich in einem unserer Bausteine engagieren? Ob im Awareness-, Barrierearmut-, Sponsoring-, Stra\u00dfenfest- oder einem anderen Team: Bei uns kannst du dich vielseitig einbringen. Schaue bei unseren Planungstreffen im QZM vorbei und finde die Aufgabe, die zu dir passt! Die Planungstreffen finden monatlich sonntags statt. Details zu den Terminen findest du auf Instagram und Facebook oder hier auf der Website.<\/p>\n<\/div>\n<\/div>\n\n\n\n<div style=\"height:13px\" aria-hidden=\"true\" class=\"wp-block-spacer\"><\/div>\n\n\n\n<h2 class=\"wp-block-heading\">Unsere Bausteine<\/h2>\n\n\n\n<div class=\"wp-block-essential-blocks-accordion  root-eb-accordion-i83an\"><div class=\"eb-parent-wrapper eb-parent-eb-accordion-i83an\"><div class=\"eb-accordion-container eb-accordion-i83an\" data-accordion-type=\"accordion\" data-tab-icon=\"fas fa-angle-right\" data-expanded-icon=\"fas fa-angle-down\" data-transition-duration=\"500\"><div class=\"eb-accordion-inner\">\n<div class=\"wp-block-essential-blocks-accordion-item eb-accordion-item-g2ia1 eb-accordion-wrapper\" data-clickable=\"false\"><div class=\"eb-accordion-title-wrapper eb-accordion-title-wrapper-eb-accordion-i83an\" tabindex=\"0\"><span class=\"eb-accordion-icon-wrapper eb-accordion-icon-wrapper-eb-accordion-i83an\"><span class=\"fas fa-angle-right eb-accordion-icon\"><\/span><\/span><div class=\"eb-accordion-title-content-wrap title-content-eb-accordion-i83an\"><h5 class=\"eb-accordion-title\">Baustein Awareness<\/h5><\/div><\/div><div class=\"eb-accordion-content-wrapper eb-accordion-content-wrapper-eb-accordion-i83an\"><div class=\"eb-accordion-content\">\n<p>Bei jeder Veranstaltung kann es zu \u00dcbergriffen und Diskriminierung kommen. Unser Ziel ist es das Bewusstsein f\u00fcr pers\u00f6nlichen Grenzen und Bed\u00fcrfnisse zu sch\u00e4rfen und eine diskriminierungsarme Umgebung zu schaffen. Awareness-Arbeit versucht, Aufkl\u00e4rung und Verst\u00e4ndnis f\u00fcr verschiedene Lebensrealit\u00e4ten zu schaffen, Machtungleichheiten auszugleichen, Betroffene zu sch\u00fctzen und (Re-)Traumatisierung vorzubeugen.&nbsp;<\/p>\n\n\n\n<p><\/p>\n\n\n\n<p>Du willst dich f\u00fcr ein respektvolles Miteinander einsetzen, Betroffene unterst\u00fctzen und Awareness bei Monnem Pride aktiv mitgestalten? Dann komm ins Awareness-Team!<br>Wir freuen uns auf neue Menschen \u2013 mit oder ohne Vorerfahrung.<\/p>\n\n\n\n<p><\/p>\n\n\n\n<p>Kontakt: awareness@monnempride.de<\/p>\n<\/div><\/div><\/div>\n\n\n\n<div class=\"wp-block-essential-blocks-accordion-item eb-accordion-item-sw7eo eb-accordion-wrapper\" data-clickable=\"false\"><div class=\"eb-accordion-title-wrapper eb-accordion-title-wrapper-eb-accordion-i83an\" tabindex=\"0\"><span class=\"eb-accordion-icon-wrapper eb-accordion-icon-wrapper-eb-accordion-i83an\"><span class=\"fas fa-angle-right eb-accordion-icon\"><\/span><\/span><div class=\"eb-accordion-title-content-wrap title-content-eb-accordion-i83an\"><h5 class=\"eb-accordion-title\">Baustein Barrierearmut<\/h5><\/div><\/div><div class=\"eb-accordion-content-wrapper eb-accordion-content-wrapper-eb-accordion-i83an\"><div class=\"eb-accordion-content\">\n<p>Der Baustein Barrierearmut setzt sich daf\u00fcr ein, dass Monnem Pride f\u00fcr m\u00f6glichst viele Menschen zug\u00e4nglich ist. Wir planen konkrete Ma\u00dfnahmen wie die Verdolmetschung des B\u00fchnenprogramms in Deutscher Geb\u00e4rdensprache (DGS) und entwickeln Konzepte zur r\u00e4umlichen, sprachlichen und strukturellen Barrierearmut.<\/p>\n\n\n\n<p><\/p>\n\n\n\n<p>Au\u00dferdem unterst\u00fctzen wir andere Bausteine dabei, ihre Angebote barrierearmer zu gestalten \u2013 z.\u202fB. durch Leitf\u00e4den, Beratungen und Awareness f\u00fcr unterschiedliche Bed\u00fcrfnisse.<\/p>\n\n\n\n<p><\/p>\n\n\n\n<p>Du hast eigene Perspektiven, Ideen oder Wissen zum Thema Barrierearmut? Wir freuen uns \u00fcber Austausch und Unterst\u00fctzung!<\/p>\n\n\n\n<p><\/p>\n\n\n\n<p>Kontakt: barrierearmut@monnempride.de<\/p>\n<\/div><\/div><\/div>\n\n\n\n<div class=\"wp-block-essential-blocks-accordion-item eb-accordion-item-e35sw eb-accordion-wrapper\" data-clickable=\"false\"><div class=\"eb-accordion-title-wrapper eb-accordion-title-wrapper-eb-accordion-i83an\" tabindex=\"0\"><span class=\"eb-accordion-icon-wrapper eb-accordion-icon-wrapper-eb-accordion-i83an\"><span class=\"fas fa-angle-right eb-accordion-icon\"><\/span><\/span><div class=\"eb-accordion-title-content-wrap title-content-eb-accordion-i83an\"><h5 class=\"eb-accordion-title\">Baustein Demo<\/h5><\/div><\/div><div class=\"eb-accordion-content-wrapper eb-accordion-content-wrapper-eb-accordion-i83an\"><div class=\"eb-accordion-content\">\n<p>Der Baustein Demo ist zust\u00e4ndig f\u00fcr die Planung, Organisation und Umsetzung der Demonstration. Wir m\u00f6chten eine Demo gestalten, die empowernd, laut und vielf\u00e4ltig ist \u2013 ein Ort des Protests, der Solidarit\u00e4t und des Widerstands gegen diskriminierende Strukturen.<\/p>\n\n\n\n<p><\/p>\n\n\n\n<p>Wenn du Lust hast, die Demo mitzugestalten \u2013 sei es bei der Routenplanung, bei der Koordination von Bl\u00f6cken, bei der Anmeldung oder dem kreativen Rahmen \u2013 melde dich gerne bei uns!<\/p>\n\n\n\n<p><\/p>\n\n\n\n<p>Kontakt: demo@monnempride.de<\/p>\n<\/div><\/div><\/div>\n\n\n\n<div class=\"wp-block-essential-blocks-accordion-item eb-accordion-item-60n6w eb-accordion-wrapper\" data-clickable=\"false\"><div class=\"eb-accordion-title-wrapper eb-accordion-title-wrapper-eb-accordion-i83an\" tabindex=\"0\"><span class=\"eb-accordion-icon-wrapper eb-accordion-icon-wrapper-eb-accordion-i83an\"><span class=\"fas fa-angle-right eb-accordion-icon\"><\/span><\/span><div class=\"eb-accordion-title-content-wrap title-content-eb-accordion-i83an\"><h5 class=\"eb-accordion-title\">Baustein Marketing &#038; Sponsoring<\/h5><\/div><\/div><div class=\"eb-accordion-content-wrapper eb-accordion-content-wrapper-eb-accordion-i83an\"><div class=\"eb-accordion-content\">\n<p>Der Baustein Marketing &amp; Sponsoring k\u00fcmmert sich um die&nbsp;Kommunikation mit Unterst\u00fctzer:innen, Kooperationspartner:innen und Sponsor:innen zust\u00e4ndig. Unser Ziel ist es, Ressourcen f\u00fcr Monnem Pride zu sichern, ohne dabei unsere politischen Grunds\u00e4tze aus den Augen zu verlieren.<\/p>\n\n\n\n<p><\/p>\n\n\n\n<p>Wenn du Lust hast, dich kreativ auszuleben, zu texten, gestalten, organisieren oder dich in Sachen Fundraising einzubringen \u2013 wir freuen uns \u00fcber deine Unterst\u00fctzung!<\/p>\n\n\n\n<p><\/p>\n\n\n\n<p>Kontakt: sponsoring@monnempride.de<\/p>\n<\/div><\/div><\/div>\n\n\n\n<div class=\"wp-block-essential-blocks-accordion-item eb-accordion-item-dshdb eb-accordion-wrapper\" data-clickable=\"false\"><div class=\"eb-accordion-title-wrapper eb-accordion-title-wrapper-eb-accordion-i83an\" tabindex=\"0\"><span class=\"eb-accordion-icon-wrapper eb-accordion-icon-wrapper-eb-accordion-i83an\"><span class=\"fas fa-angle-right eb-accordion-icon\"><\/span><\/span><div class=\"eb-accordion-title-content-wrap title-content-eb-accordion-i83an\"><h5 class=\"eb-accordion-title\">Baustein Social Media<\/h5><\/div><\/div><div class=\"eb-accordion-content-wrapper eb-accordion-content-wrapper-eb-accordion-i83an\"><div class=\"eb-accordion-content\">\n<p>Der Baustein Social Media ist daf\u00fcr verantwortlich, Monnem Pride digital sichtbar zu machen. Wir versorgen unsere Community \u00fcber Instagram, Facebook und andere Kan\u00e4le mit Infos, Updates und Einblicken hinter die Kulissen.<\/p>\n\n\n\n<p><\/p>\n\n\n\n<p>Ob Veranstaltungsank\u00fcndigungen, Awareness-Content, Takeovers oder spontane Memes \u2013 wir halten den Vibe lebendig, bunt und politisch. Dabei achten wir auf eine inklusive und empowernde Kommunikation und arbeiten eng mit den anderen Bausteinen zusammen.<\/p>\n\n\n\n<p><\/p>\n\n\n\n<p>Du hast ein H\u00e4ndchen f\u00fcr gute Captions, Story-Design oder Community-Management? Dann bist du bei uns genau richtig!<\/p>\n\n\n\n<p><\/p>\n\n\n\n<p>Kontakt: socialmedia@monnempride.de<\/p>\n<\/div><\/div><\/div>\n\n\n\n<div class=\"wp-block-essential-blocks-accordion-item eb-accordion-item-jagc8 eb-accordion-wrapper\" data-clickable=\"false\"><div class=\"eb-accordion-title-wrapper eb-accordion-title-wrapper-eb-accordion-i83an\" tabindex=\"0\"><span class=\"eb-accordion-icon-wrapper eb-accordion-icon-wrapper-eb-accordion-i83an\"><span class=\"fas fa-angle-right eb-accordion-icon\"><\/span><\/span><div class=\"eb-accordion-title-content-wrap title-content-eb-accordion-i83an\"><h5 class=\"eb-accordion-title\">Baustein Stra\u00dfenfest<\/h5><\/div><\/div><div class=\"eb-accordion-content-wrapper eb-accordion-content-wrapper-eb-accordion-i83an\"><div class=\"eb-accordion-content\">\n<p>Der Baustein Stra\u00dfenfest plant und organisiert das gro\u00dfe Fest auf dem Alten Messplatz bzw. der Neckarwiese \u2013 den kr\u00f6nenden Abschluss von Monnem Pride. Hier kommen B\u00fchnenprogramm, Infost\u00e4nde, Essen, Trinken und Community zusammen.<\/p>\n\n\n\n<p><\/p>\n\n\n\n<p>Wir gestalten ein vielf\u00e4ltiges und empowerndes Stra\u00dfenfest, das Raum f\u00fcr politische Inhalte, queere Kultur, Austausch und Sichtbarkeit bietet. Du hast Lust, ein queer-feministisches Festival mitzugestalten? Dann mach mit \u2013 wir freuen uns auf dich!<\/p>\n\n\n\n<p><\/p>\n\n\n\n<p>Kontakt: strassenfest@monnempride.de<\/p>\n<\/div><\/div><\/div>\n<\/div><\/div><\/div><\/div>\n\n\n\n<div style=\"height:35px\" aria-hidden=\"true\" class=\"wp-block-spacer\"><\/div>\n\n\n\n<h2 class=\"wp-block-heading\" style=\"border-top-style:none;border-top-width:0px;border-right-style:none;border-right-width:0px;border-bottom-style:none;border-bottom-width:0px;border-left-color:var(--wp--preset--color--ast-global-color-5);border-left-width:10px\"><strong>Nicht sicher, wo du reinpasst? Kein Problem!<\/strong><\/h2>\n\n\n\n<p style=\"border-right-color:var(--wp--preset--color--ast-global-color-5);border-right-width:10px;border-left-color:var(--wp--preset--color--ast-global-color-5);border-left-width:10px\">Du willst Teil von Monnem Pride sein, bist dir aber noch nicht sicher, welcher Baustein zu dir passt? Kein Problem! Im <a href=\"https:\/\/monnempride.de\/en\/plenum\/\">Plenum<\/a> bekommst du einen \u00dcberblick \u00fcber alle Bausteine, kannst Fragen stellen, reinschnuppern und herausfinden, was dir liegt.<\/p>\n\n\n\n<p style=\"border-right-color:var(--wp--preset--color--ast-global-color-5);border-right-width:10px;border-left-color:var(--wp--preset--color--ast-global-color-5);border-left-width:10px\">Egal ob du schon Erfahrung hast oder einfach mal schauen willst \u2013 im <a href=\"https:\/\/monnempride.de\/en\/plenum\/\">Plenum<\/a> bist du genau richtig, um deinen Einstieg zu finden. <\/p>\n\n\n\n<p style=\"border-right-color:var(--wp--preset--color--ast-global-color-5);border-right-width:10px;border-left-color:var(--wp--preset--color--ast-global-color-5);border-left-width:10px\"><strong>Komm vorbei und bring dich ein \u2013 wir freuen uns auf dich!<\/strong><\/p>\n\n\n\n<p><\/p>","protected":false},"excerpt":{"rendered":"<p>Sei Dabei! Du m\u00f6chtest dich ehrenamtlich in einem unserer Bausteine engagieren? Ob im Awareness-, Barrierearmut-, Sponsoring-, Stra\u00dfenfest- oder einem anderen Team: Bei uns kannst du dich vielseitig einbringen. Schaue bei [&hellip;]<\/p>","protected":false},"author":2,"featured_media":0,"parent":0,"menu_order":2,"comment_status":"closed","ping_status":"closed","template":"","meta":{"_eb_attr":"","site-sidebar-layout":"default","site-content-layout":"","ast-site-content-layout":"","site-content-style":"default","site-sidebar-style":"default","ast-global-header-display":"","ast-banner-title-visibility":"","ast-main-header-display":"","ast-hfb-above-header-display":"","ast-hfb-below-header-display":"","ast-hfb-mobile-header-display":"","site-post-title":"disabled","ast-breadcrumbs-content":"","ast-featured-img":"","footer-sml-layout":"","theme-transparent-header-meta":"","adv-header-id-meta":"","stick-header-meta":"","header-above-stick-meta":"","header-main-stick-meta":"","header-below-stick-meta":"","astra-migrate-meta-layouts":"default","ast-page-background-enabled":"default","ast-page-background-meta":{"desktop":{"background-color":"var(--ast-global-color-4)","background-image":"","background-repeat":"repeat","background-position":"center center","background-size":"auto","background-attachment":"scroll","background-type":"","background-media":"","overlay-type":"","overlay-color":"","overlay-gradient":""},"tablet":{"background-color":"","background-image":"","background-repeat":"repeat","background-position":"center center","background-size":"auto","background-attachment":"scroll","background-type":"","background-media":"","overlay-type":"","overlay-color":"","overlay-gradient":""},"mobile":{"background-color":"","background-image":"","background-repeat":"repeat","background-position":"center center","background-size":"auto","background-attachment":"scroll","background-type":"","background-media":"","overlay-type":"","overlay-color":"","overlay-gradient":""}},"ast-content-background-meta":{"desktop":{"background-color":"var(--ast-global-color-5)","background-image":"","background-repeat":"repeat","background-position":"center center","background-size":"auto","background-attachment":"scroll","background-type":"","background-media":"","overlay-type":"","overlay-color":"","overlay-gradient":""},"tablet":{"background-color":"var(--ast-global-color-5)","background-image":"","background-repeat":"repeat","background-position":"center center","background-size":"auto","background-attachment":"scroll","background-type":"","background-media":"","overlay-type":"","overlay-color":"","overlay-gradient":""},"mobile":{"background-color":"var(--ast-global-color-5)","background-image":"","background-repeat":"repeat","background-position":"center center","background-size":"auto","background-attachment":"scroll","background-type":"","background-media":"","overlay-type":"","overlay-color":"","overlay-gradient":""}},"footnotes":""},"class_list":["post-2432","page","type-page","status-publish","hentry"],"yoast_head":"<!-- This site is optimized with the Yoast SEO plugin v27.5 - https:\/\/yoast.com\/product\/yoast-seo-wordpress\/ -->\n<title>Werde Volunteer &#8211; Monnem Pride<\/title>\n<meta name=\"robots\" content=\"index, follow, max-snippet:-1, max-image-preview:large, max-video-preview:-1\" \/>\n<link rel=\"canonical\" href=\"https:\/\/monnempride.de\/en\/werde-volunteer\/\" \/>\n<meta property=\"og:locale\" content=\"en_US\" \/>\n<meta property=\"og:type\" content=\"article\" \/>\n<meta property=\"og:title\" content=\"Werde Volunteer &#8211; Monnem Pride\" \/>\n<meta property=\"og:description\" content=\"Sei Dabei! Du m\u00f6chtest dich ehrenamtlich in einem unserer Bausteine engagieren? Ob im Awareness-, Barrierearmut-, Sponsoring-, Stra\u00dfenfest- oder einem anderen Team: Bei uns kannst du dich vielseitig einbringen. Schaue bei [&hellip;]\" \/>\n<meta property=\"og:url\" content=\"https:\/\/monnempride.de\/en\/werde-volunteer\/\" \/>\n<meta property=\"og:site_name\" content=\"Monnem Pride\" \/>\n<meta property=\"article:modified_time\" content=\"2025-04-16T08:48:30+00:00\" \/>\n<meta property=\"og:image\" content=\"https:\/\/monnempride.de\/wp-content\/uploads\/2025\/04\/Monnem-Pride-2024-Buehne-Fest-Fotos-Alexander-Kaestel-Mannheim-4072084-1024x683-1.jpg\" \/>\n\t<meta property=\"og:image:width\" content=\"1024\" \/>\n\t<meta property=\"og:image:height\" content=\"683\" \/>\n\t<meta property=\"og:image:type\" content=\"image\/jpeg\" \/>\n<meta name=\"twitter:card\" content=\"summary_large_image\" \/>\n<meta name=\"twitter:label1\" content=\"Est. reading time\" \/>\n\t<meta name=\"twitter:data1\" content=\"4 minutes\" \/>\n<script type=\"application\/ld+json\" class=\"yoast-schema-graph\">{\"@context\":\"https:\\\/\\\/schema.org\",\"@graph\":[{\"@type\":\"WebPage\",\"@id\":\"https:\\\/\\\/monnempride.de\\\/werde-volunteer\\\/\",\"url\":\"https:\\\/\\\/monnempride.de\\\/werde-volunteer\\\/\",\"name\":\"Werde Volunteer &#8211; Monnem Pride\",\"isPartOf\":{\"@id\":\"https:\\\/\\\/monnempride.de\\\/#website\"},\"primaryImageOfPage\":{\"@id\":\"https:\\\/\\\/monnempride.de\\\/werde-volunteer\\\/#primaryimage\"},\"image\":{\"@id\":\"https:\\\/\\\/monnempride.de\\\/werde-volunteer\\\/#primaryimage\"},\"thumbnailUrl\":\"https:\\\/\\\/monnempride.de\\\/wp-content\\\/uploads\\\/2025\\\/04\\\/Monnem-Pride-2024-Buehne-Fest-Fotos-Alexander-Kaestel-Mannheim-4072084-1024x683-1.jpg\",\"datePublished\":\"2025-04-15T19:47:47+00:00\",\"dateModified\":\"2025-04-16T08:48:30+00:00\",\"breadcrumb\":{\"@id\":\"https:\\\/\\\/monnempride.de\\\/werde-volunteer\\\/#breadcrumb\"},\"inLanguage\":\"en-US\",\"potentialAction\":[{\"@type\":\"ReadAction\",\"target\":[\"https:\\\/\\\/monnempride.de\\\/werde-volunteer\\\/\"]}]},{\"@type\":\"ImageObject\",\"inLanguage\":\"en-US\",\"@id\":\"https:\\\/\\\/monnempride.de\\\/werde-volunteer\\\/#primaryimage\",\"url\":\"https:\\\/\\\/monnempride.de\\\/wp-content\\\/uploads\\\/2025\\\/04\\\/Monnem-Pride-2024-Buehne-Fest-Fotos-Alexander-Kaestel-Mannheim-4072084-1024x683-1.jpg\",\"contentUrl\":\"https:\\\/\\\/monnempride.de\\\/wp-content\\\/uploads\\\/2025\\\/04\\\/Monnem-Pride-2024-Buehne-Fest-Fotos-Alexander-Kaestel-Mannheim-4072084-1024x683-1.jpg\"},{\"@type\":\"BreadcrumbList\",\"@id\":\"https:\\\/\\\/monnempride.de\\\/werde-volunteer\\\/#breadcrumb\",\"itemListElement\":[{\"@type\":\"ListItem\",\"position\":1,\"name\":\"Startseite\",\"item\":\"https:\\\/\\\/monnempride.de\\\/\"},{\"@type\":\"ListItem\",\"position\":2,\"name\":\"Werde Volunteer\"}]},{\"@type\":\"WebSite\",\"@id\":\"https:\\\/\\\/monnempride.de\\\/#website\",\"url\":\"https:\\\/\\\/monnempride.de\\\/\",\"name\":\"Monnem Pride\",\"description\":\"zusammen eins \u2013 intersektional. antifaschistisch. queer.\",\"publisher\":{\"@id\":\"https:\\\/\\\/monnempride.de\\\/#organization\"},\"potentialAction\":[{\"@type\":\"SearchAction\",\"target\":{\"@type\":\"EntryPoint\",\"urlTemplate\":\"https:\\\/\\\/monnempride.de\\\/?s={search_term_string}\"},\"query-input\":{\"@type\":\"PropertyValueSpecification\",\"valueRequired\":true,\"valueName\":\"search_term_string\"}}],\"inLanguage\":\"en-US\"},{\"@type\":\"Organization\",\"@id\":\"https:\\\/\\\/monnempride.de\\\/#organization\",\"name\":\"Monnem Pride\",\"url\":\"https:\\\/\\\/monnempride.de\\\/\",\"logo\":{\"@type\":\"ImageObject\",\"inLanguage\":\"en-US\",\"@id\":\"https:\\\/\\\/monnempride.de\\\/#\\\/schema\\\/logo\\\/image\\\/\",\"url\":\"http:\\\/\\\/monnempride.de\\\/wp-content\\\/uploads\\\/2024\\\/01\\\/cropped-Element-1Logo-1.png\",\"contentUrl\":\"http:\\\/\\\/monnempride.de\\\/wp-content\\\/uploads\\\/2024\\\/01\\\/cropped-Element-1Logo-1.png\",\"width\":200,\"height\":114,\"caption\":\"Monnem Pride\"},\"image\":{\"@id\":\"https:\\\/\\\/monnempride.de\\\/#\\\/schema\\\/logo\\\/image\\\/\"}}]}<\/script>\n<!-- \/ Yoast SEO plugin. -->","yoast_head_json":{"title":"Werde Volunteer &#8211; Monnem Pride","robots":{"index":"index","follow":"follow","max-snippet":"max-snippet:-1","max-image-preview":"max-image-preview:large","max-video-preview":"max-video-preview:-1"},"canonical":"https:\/\/monnempride.de\/en\/werde-volunteer\/","og_locale":"en_US","og_type":"article","og_title":"Werde Volunteer &#8211; Monnem Pride","og_description":"Sei Dabei! Du m\u00f6chtest dich ehrenamtlich in einem unserer Bausteine engagieren? Ob im Awareness-, Barrierearmut-, Sponsoring-, Stra\u00dfenfest- oder einem anderen Team: Bei uns kannst du dich vielseitig einbringen. Schaue bei [&hellip;]","og_url":"https:\/\/monnempride.de\/en\/werde-volunteer\/","og_site_name":"Monnem Pride","article_modified_time":"2025-04-16T08:48:30+00:00","og_image":[{"width":1024,"height":683,"url":"https:\/\/monnempride.de\/wp-content\/uploads\/2025\/04\/Monnem-Pride-2024-Buehne-Fest-Fotos-Alexander-Kaestel-Mannheim-4072084-1024x683-1.jpg","type":"image\/jpeg"}],"twitter_card":"summary_large_image","twitter_misc":{"Est. reading time":"4 minutes"},"schema":{"@context":"https:\/\/schema.org","@graph":[{"@type":"WebPage","@id":"https:\/\/monnempride.de\/werde-volunteer\/","url":"https:\/\/monnempride.de\/werde-volunteer\/","name":"Werde Volunteer &#8211; Monnem Pride","isPartOf":{"@id":"https:\/\/monnempride.de\/#website"},"primaryImageOfPage":{"@id":"https:\/\/monnempride.de\/werde-volunteer\/#primaryimage"},"image":{"@id":"https:\/\/monnempride.de\/werde-volunteer\/#primaryimage"},"thumbnailUrl":"https:\/\/monnempride.de\/wp-content\/uploads\/2025\/04\/Monnem-Pride-2024-Buehne-Fest-Fotos-Alexander-Kaestel-Mannheim-4072084-1024x683-1.jpg","datePublished":"2025-04-15T19:47:47+00:00","dateModified":"2025-04-16T08:48:30+00:00","breadcrumb":{"@id":"https:\/\/monnempride.de\/werde-volunteer\/#breadcrumb"},"inLanguage":"en-US","potentialAction":[{"@type":"ReadAction","target":["https:\/\/monnempride.de\/werde-volunteer\/"]}]},{"@type":"ImageObject","inLanguage":"en-US","@id":"https:\/\/monnempride.de\/werde-volunteer\/#primaryimage","url":"https:\/\/monnempride.de\/wp-content\/uploads\/2025\/04\/Monnem-Pride-2024-Buehne-Fest-Fotos-Alexander-Kaestel-Mannheim-4072084-1024x683-1.jpg","contentUrl":"https:\/\/monnempride.de\/wp-content\/uploads\/2025\/04\/Monnem-Pride-2024-Buehne-Fest-Fotos-Alexander-Kaestel-Mannheim-4072084-1024x683-1.jpg"},{"@type":"BreadcrumbList","@id":"https:\/\/monnempride.de\/werde-volunteer\/#breadcrumb","itemListElement":[{"@type":"ListItem","position":1,"name":"Startseite","item":"https:\/\/monnempride.de\/"},{"@type":"ListItem","position":2,"name":"Werde Volunteer"}]},{"@type":"WebSite","@id":"https:\/\/monnempride.de\/#website","url":"https:\/\/monnempride.de\/","name":"Monnem Pride","description":"zusammen eins \u2013 intersektional. antifaschistisch. queer.","publisher":{"@id":"https:\/\/monnempride.de\/#organization"},"potentialAction":[{"@type":"SearchAction","target":{"@type":"EntryPoint","urlTemplate":"https:\/\/monnempride.de\/?s={search_term_string}"},"query-input":{"@type":"PropertyValueSpecification","valueRequired":true,"valueName":"search_term_string"}}],"inLanguage":"en-US"},{"@type":"Organization","@id":"https:\/\/monnempride.de\/#organization","name":"Monnem Pride","url":"https:\/\/monnempride.de\/","logo":{"@type":"ImageObject","inLanguage":"en-US","@id":"https:\/\/monnempride.de\/#\/schema\/logo\/image\/","url":"http:\/\/monnempride.de\/wp-content\/uploads\/2024\/01\/cropped-Element-1Logo-1.png","contentUrl":"http:\/\/monnempride.de\/wp-content\/uploads\/2024\/01\/cropped-Element-1Logo-1.png","width":200,"height":114,"caption":"Monnem Pride"},"image":{"@id":"https:\/\/monnempride.de\/#\/schema\/logo\/image\/"}}]}},"_links":{"self":[{"href":"https:\/\/monnempride.de\/en\/wp-json\/wp\/v2\/pages\/2432","targetHints":{"allow":["GET"]}}],"collection":[{"href":"https:\/\/monnempride.de\/en\/wp-json\/wp\/v2\/pages"}],"about":[{"href":"https:\/\/monnempride.de\/en\/wp-json\/wp\/v2\/types\/page"}],"author":[{"embeddable":true,"href":"https:\/\/monnempride.de\/en\/wp-json\/wp\/v2\/users\/2"}],"replies":[{"embeddable":true,"href":"https:\/\/monnempride.de\/en\/wp-json\/wp\/v2\/comments?post=2432"}],"version-history":[{"count":11,"href":"https:\/\/monnempride.de\/en\/wp-json\/wp\/v2\/pages\/2432\/revisions"}],"predecessor-version":[{"id":2653,"href":"https:\/\/monnempride.de\/en\/wp-json\/wp\/v2\/pages\/2432\/revisions\/2653"}],"wp:attachment":[{"href":"https:\/\/monnempride.de\/en\/wp-json\/wp\/v2\/media?parent=2432"}],"curies":[{"name":"wp","href":"https:\/\/api.w.org\/{rel}","templated":true}]}}