{"id":1158,"date":"2024-06-18T15:10:57","date_gmt":"2024-06-18T14:10:57","guid":{"rendered":"https:\/\/monnempride.de\/?post_type=tribe_events&#038;p=1158"},"modified":"2024-07-04T13:09:44","modified_gmt":"2024-07-04T12:09:44","slug":"1158","status":"publish","type":"tribe_events","link":"https:\/\/monnempride.de\/en\/veranstaltung\/1158\/","title":{"rendered":"Queerschnitt: Collage Workshop f\u00fcr queere Personen"},"content":{"rendered":"<p><img loading=\"lazy\" decoding=\"async\" class=\"size-medium wp-image-1160 alignleft\" src=\"https:\/\/monnempride.de\/wp-content\/uploads\/2024\/06\/Queerschnitt_Quadrat-300x300.png\" alt=\"\" width=\"300\" height=\"300\" srcset=\"https:\/\/monnempride.de\/wp-content\/uploads\/2024\/06\/Queerschnitt_Quadrat-300x300.png 300w, https:\/\/monnempride.de\/wp-content\/uploads\/2024\/06\/Queerschnitt_Quadrat-1024x1024.png 1024w, https:\/\/monnempride.de\/wp-content\/uploads\/2024\/06\/Queerschnitt_Quadrat-150x150.png 150w, https:\/\/monnempride.de\/wp-content\/uploads\/2024\/06\/Queerschnitt_Quadrat-768x768.png 768w, https:\/\/monnempride.de\/wp-content\/uploads\/2024\/06\/Queerschnitt_Quadrat.png 1080w\" sizes=\"auto, (max-width: 300px) 100vw, 300px\" \/>Der Workshop kann wegen Krankheit leider nicht stattfinden und wird verschoben auf einen Termin im Herbst. Weitere und regelm\u00e4\u00dfige Infos auf der Seite des <a href=\"https:\/\/www.wilhelmhack.museum\/de\/veranstaltungen\/detail?tx_calendarize_calendar%5Baction%5D=detail&amp;tx_calendarize_calendar%5Bcontroller%5D=Calendar&amp;tx_calendarize_calendar%5Bindex%5D=23670&amp;cHash=738c2ac7ec415b9c127b4770ae861ce1\">wilhelm<strong>hack<\/strong>museums.<\/a><br \/>\nLernt die Technik der Collage anhand von Werken der Ausstellung &#8222;Richter\/Polke &#8211; Umwandlung&#8220; und erfahrt, wie Collagen f\u00fcr queere Personen ein Werkzeug f\u00fcr Selbstausdruck und die Neuinterpretation hetero- und bin\u00e4rnormativer Bilder sein k\u00f6nnen.<\/p>\n<p>Eine Person ist nie nur eine Sache; unsere Diversit\u00e4t und Vielfalt m\u00fcssen Raum haben, um sich zu zeigen. Durch Zerschneiden, Zerrei\u00dfen und Zerkn\u00fcllen entstehen neue Welten, die dieser Vielfalt entsprechen.<\/p>\n<p>Der Workshop richtet sich an queeren Teilnehmer*innen ab 14 Jahren.<br \/>\nBringt gerne eigenes Bildmaterial mit. Keine Vorkenntnisse erforderlich.<\/p>\n<p>Registration: <a href=\"mailto:fedra.benoli@ludwigshafen.de\">fedra.benoli@ludwigshafen.de<\/a> \/\/ 0621 504 2934<br \/>\n<strong>Kosten: Pay What You Want (empfohlen 10\u20ac, inkl. Eintritt und Material).<\/strong><\/p>","protected":false},"excerpt":{"rendered":"<p>Der Workshop kann wegen Krankheit leider nicht stattfinden und wird verschoben auf einen Termin im Herbst. Weitere und regelm\u00e4\u00dfige Infos auf der Seite des wilhelmhackmuseums. Lernt die Technik der Collage [&hellip;]<\/p>","protected":false},"author":1,"featured_media":0,"template":"","meta":{"_eb_attr":"","site-sidebar-layout":"default","site-content-layout":"","ast-site-content-layout":"default","site-content-style":"default","site-sidebar-style":"default","ast-global-header-display":"","ast-banner-title-visibility":"","ast-main-header-display":"","ast-hfb-above-header-display":"","ast-hfb-below-header-display":"","ast-hfb-mobile-header-display":"","site-post-title":"","ast-breadcrumbs-content":"","ast-featured-img":"","footer-sml-layout":"","theme-transparent-header-meta":"default","adv-header-id-meta":"","stick-header-meta":"","header-above-stick-meta":"","header-main-stick-meta":"","header-below-stick-meta":"","astra-migrate-meta-layouts":"set","ast-page-background-enabled":"default","ast-page-background-meta":{"desktop":{"background-color":"var(--ast-global-color-4)","background-image":"","background-repeat":"repeat","background-position":"center center","background-size":"auto","background-attachment":"scroll","background-type":"","background-media":"","overlay-type":"","overlay-color":"","overlay-opacity":"","overlay-gradient":""},"tablet":{"background-color":"","background-image":"","background-repeat":"repeat","background-position":"center center","background-size":"auto","background-attachment":"scroll","background-type":"","background-media":"","overlay-type":"","overlay-color":"","overlay-opacity":"","overlay-gradient":""},"mobile":{"background-color":"","background-image":"","background-repeat":"repeat","background-position":"center center","background-size":"auto","background-attachment":"scroll","background-type":"","background-media":"","overlay-type":"","overlay-color":"","overlay-opacity":"","overlay-gradient":""}},"ast-content-background-meta":{"desktop":{"background-color":"var(--ast-global-color-5)","background-image":"","background-repeat":"repeat","background-position":"center center","background-size":"auto","background-attachment":"scroll","background-type":"","background-media":"","overlay-type":"","overlay-color":"","overlay-opacity":"","overlay-gradient":""},"tablet":{"background-color":"var(--ast-global-color-5)","background-image":"","background-repeat":"repeat","background-position":"center center","background-size":"auto","background-attachment":"scroll","background-type":"","background-media":"","overlay-type":"","overlay-color":"","overlay-opacity":"","overlay-gradient":""},"mobile":{"background-color":"var(--ast-global-color-5)","background-image":"","background-repeat":"repeat","background-position":"center center","background-size":"auto","background-attachment":"scroll","background-type":"","background-media":"","overlay-type":"","overlay-color":"","overlay-opacity":"","overlay-gradient":""}},"_tribe_events_status":"postponed","_tribe_events_status_reason":"","footnotes":""},"tags":[],"tribe_events_cat":[],"class_list":["post-1158","tribe_events","type-tribe_events","status-publish","hentry","tribe-events-status__list-event-postponed"],"yoast_head":"<!-- This site is optimized with the Yoast SEO plugin v27.5 - https:\/\/yoast.com\/product\/yoast-seo-wordpress\/ -->\n<title>Queerschnitt: Collage Workshop f\u00fcr queere Personen &#8211; Monnem Pride<\/title>\n<meta name=\"robots\" content=\"index, follow, max-snippet:-1, max-image-preview:large, max-video-preview:-1\" \/>\n<link rel=\"canonical\" href=\"https:\/\/monnempride.de\/en\/event\/1158\/\" \/>\n<meta property=\"og:locale\" content=\"en_US\" \/>\n<meta property=\"og:type\" content=\"article\" \/>\n<meta property=\"og:title\" content=\"Queerschnitt: Collage Workshop f\u00fcr queere Personen &#8211; Monnem Pride\" \/>\n<meta property=\"og:description\" content=\"Der Workshop kann wegen Krankheit leider nicht stattfinden und wird verschoben auf einen Termin im Herbst. Weitere und regelm\u00e4\u00dfige Infos auf der Seite des wilhelmhackmuseums. Lernt die Technik der Collage [&hellip;]\" \/>\n<meta property=\"og:url\" content=\"https:\/\/monnempride.de\/en\/event\/1158\/\" \/>\n<meta property=\"og:site_name\" content=\"Monnem Pride\" \/>\n<meta property=\"article:modified_time\" content=\"2024-07-04T12:09:44+00:00\" \/>\n<meta property=\"og:image\" content=\"https:\/\/monnempride.de\/wp-content\/uploads\/2024\/06\/Queerschnitt_Quadrat-300x300.png\" \/>\n<meta name=\"twitter:card\" content=\"summary_large_image\" \/>\n<meta name=\"twitter:label1\" content=\"Est. reading time\" \/>\n\t<meta name=\"twitter:data1\" content=\"1 minute\" \/>\n<script type=\"application\/ld+json\" class=\"yoast-schema-graph\">{\"@context\":\"https:\\\/\\\/schema.org\",\"@graph\":[{\"@type\":\"WebPage\",\"@id\":\"https:\\\/\\\/monnempride.de\\\/event\\\/1158\\\/\",\"url\":\"https:\\\/\\\/monnempride.de\\\/event\\\/1158\\\/\",\"name\":\"Queerschnitt: Collage Workshop f\u00fcr queere Personen &#8211; Monnem Pride\",\"isPartOf\":{\"@id\":\"https:\\\/\\\/monnempride.de\\\/#website\"},\"primaryImageOfPage\":{\"@id\":\"https:\\\/\\\/monnempride.de\\\/event\\\/1158\\\/#primaryimage\"},\"image\":{\"@id\":\"https:\\\/\\\/monnempride.de\\\/event\\\/1158\\\/#primaryimage\"},\"thumbnailUrl\":\"https:\\\/\\\/monnempride.de\\\/wp-content\\\/uploads\\\/2024\\\/06\\\/Queerschnitt_Quadrat-300x300.png\",\"datePublished\":\"2024-06-18T14:10:57+00:00\",\"dateModified\":\"2024-07-04T12:09:44+00:00\",\"breadcrumb\":{\"@id\":\"https:\\\/\\\/monnempride.de\\\/event\\\/1158\\\/#breadcrumb\"},\"inLanguage\":\"en-US\",\"potentialAction\":[{\"@type\":\"ReadAction\",\"target\":[\"https:\\\/\\\/monnempride.de\\\/event\\\/1158\\\/\"]}]},{\"@type\":\"ImageObject\",\"inLanguage\":\"en-US\",\"@id\":\"https:\\\/\\\/monnempride.de\\\/event\\\/1158\\\/#primaryimage\",\"url\":\"https:\\\/\\\/monnempride.de\\\/wp-content\\\/uploads\\\/2024\\\/06\\\/Queerschnitt_Quadrat-300x300.png\",\"contentUrl\":\"https:\\\/\\\/monnempride.de\\\/wp-content\\\/uploads\\\/2024\\\/06\\\/Queerschnitt_Quadrat-300x300.png\"},{\"@type\":\"BreadcrumbList\",\"@id\":\"https:\\\/\\\/monnempride.de\\\/event\\\/1158\\\/#breadcrumb\",\"itemListElement\":[{\"@type\":\"ListItem\",\"position\":1,\"name\":\"Startseite\",\"item\":\"https:\\\/\\\/monnempride.de\\\/\"},{\"@type\":\"ListItem\",\"position\":2,\"name\":\"Veranstaltungen\",\"item\":\"https:\\\/\\\/monnempride.de\\\/events\\\/\"},{\"@type\":\"ListItem\",\"position\":3,\"name\":\"Queerschnitt: Collage Workshop f\u00fcr queere Personen\"}]},{\"@type\":\"WebSite\",\"@id\":\"https:\\\/\\\/monnempride.de\\\/#website\",\"url\":\"https:\\\/\\\/monnempride.de\\\/\",\"name\":\"Monnem Pride\",\"description\":\"zusammen eins \u2013 intersektional. antifaschistisch. queer.\",\"publisher\":{\"@id\":\"https:\\\/\\\/monnempride.de\\\/#organization\"},\"potentialAction\":[{\"@type\":\"SearchAction\",\"target\":{\"@type\":\"EntryPoint\",\"urlTemplate\":\"https:\\\/\\\/monnempride.de\\\/?s={search_term_string}\"},\"query-input\":{\"@type\":\"PropertyValueSpecification\",\"valueRequired\":true,\"valueName\":\"search_term_string\"}}],\"inLanguage\":\"en-US\"},{\"@type\":\"Organization\",\"@id\":\"https:\\\/\\\/monnempride.de\\\/#organization\",\"name\":\"Monnem Pride\",\"url\":\"https:\\\/\\\/monnempride.de\\\/\",\"logo\":{\"@type\":\"ImageObject\",\"inLanguage\":\"en-US\",\"@id\":\"https:\\\/\\\/monnempride.de\\\/#\\\/schema\\\/logo\\\/image\\\/\",\"url\":\"http:\\\/\\\/monnempride.de\\\/wp-content\\\/uploads\\\/2024\\\/01\\\/cropped-Element-1Logo-1.png\",\"contentUrl\":\"http:\\\/\\\/monnempride.de\\\/wp-content\\\/uploads\\\/2024\\\/01\\\/cropped-Element-1Logo-1.png\",\"width\":200,\"height\":114,\"caption\":\"Monnem Pride\"},\"image\":{\"@id\":\"https:\\\/\\\/monnempride.de\\\/#\\\/schema\\\/logo\\\/image\\\/\"}}]}<\/script>\n<!-- \/ Yoast SEO plugin. -->","yoast_head_json":{"title":"Queerschnitt: Collage Workshop f\u00fcr queere Personen &#8211; Monnem Pride","robots":{"index":"index","follow":"follow","max-snippet":"max-snippet:-1","max-image-preview":"max-image-preview:large","max-video-preview":"max-video-preview:-1"},"canonical":"https:\/\/monnempride.de\/en\/event\/1158\/","og_locale":"en_US","og_type":"article","og_title":"Queerschnitt: Collage Workshop f\u00fcr queere Personen &#8211; Monnem Pride","og_description":"Der Workshop kann wegen Krankheit leider nicht stattfinden und wird verschoben auf einen Termin im Herbst. Weitere und regelm\u00e4\u00dfige Infos auf der Seite des wilhelmhackmuseums. Lernt die Technik der Collage [&hellip;]","og_url":"https:\/\/monnempride.de\/en\/event\/1158\/","og_site_name":"Monnem Pride","article_modified_time":"2024-07-04T12:09:44+00:00","og_image":[{"url":"https:\/\/monnempride.de\/wp-content\/uploads\/2024\/06\/Queerschnitt_Quadrat-300x300.png","type":"","width":"","height":""}],"twitter_card":"summary_large_image","twitter_misc":{"Est. reading time":"1 minute"},"schema":{"@context":"https:\/\/schema.org","@graph":[{"@type":"WebPage","@id":"https:\/\/monnempride.de\/event\/1158\/","url":"https:\/\/monnempride.de\/event\/1158\/","name":"Queerschnitt: Collage Workshop f\u00fcr queere Personen &#8211; Monnem Pride","isPartOf":{"@id":"https:\/\/monnempride.de\/#website"},"primaryImageOfPage":{"@id":"https:\/\/monnempride.de\/event\/1158\/#primaryimage"},"image":{"@id":"https:\/\/monnempride.de\/event\/1158\/#primaryimage"},"thumbnailUrl":"https:\/\/monnempride.de\/wp-content\/uploads\/2024\/06\/Queerschnitt_Quadrat-300x300.png","datePublished":"2024-06-18T14:10:57+00:00","dateModified":"2024-07-04T12:09:44+00:00","breadcrumb":{"@id":"https:\/\/monnempride.de\/event\/1158\/#breadcrumb"},"inLanguage":"en-US","potentialAction":[{"@type":"ReadAction","target":["https:\/\/monnempride.de\/event\/1158\/"]}]},{"@type":"ImageObject","inLanguage":"en-US","@id":"https:\/\/monnempride.de\/event\/1158\/#primaryimage","url":"https:\/\/monnempride.de\/wp-content\/uploads\/2024\/06\/Queerschnitt_Quadrat-300x300.png","contentUrl":"https:\/\/monnempride.de\/wp-content\/uploads\/2024\/06\/Queerschnitt_Quadrat-300x300.png"},{"@type":"BreadcrumbList","@id":"https:\/\/monnempride.de\/event\/1158\/#breadcrumb","itemListElement":[{"@type":"ListItem","position":1,"name":"Startseite","item":"https:\/\/monnempride.de\/"},{"@type":"ListItem","position":2,"name":"Veranstaltungen","item":"https:\/\/monnempride.de\/events\/"},{"@type":"ListItem","position":3,"name":"Queerschnitt: Collage Workshop f\u00fcr queere Personen"}]},{"@type":"WebSite","@id":"https:\/\/monnempride.de\/#website","url":"https:\/\/monnempride.de\/","name":"Monnem Pride","description":"zusammen eins \u2013 intersektional. antifaschistisch. queer.","publisher":{"@id":"https:\/\/monnempride.de\/#organization"},"potentialAction":[{"@type":"SearchAction","target":{"@type":"EntryPoint","urlTemplate":"https:\/\/monnempride.de\/?s={search_term_string}"},"query-input":{"@type":"PropertyValueSpecification","valueRequired":true,"valueName":"search_term_string"}}],"inLanguage":"en-US"},{"@type":"Organization","@id":"https:\/\/monnempride.de\/#organization","name":"Monnem Pride","url":"https:\/\/monnempride.de\/","logo":{"@type":"ImageObject","inLanguage":"en-US","@id":"https:\/\/monnempride.de\/#\/schema\/logo\/image\/","url":"http:\/\/monnempride.de\/wp-content\/uploads\/2024\/01\/cropped-Element-1Logo-1.png","contentUrl":"http:\/\/monnempride.de\/wp-content\/uploads\/2024\/01\/cropped-Element-1Logo-1.png","width":200,"height":114,"caption":"Monnem Pride"},"image":{"@id":"https:\/\/monnempride.de\/#\/schema\/logo\/image\/"}}]}},"_links":{"self":[{"href":"https:\/\/monnempride.de\/en\/wp-json\/wp\/v2\/tribe_events\/1158","targetHints":{"allow":["GET"]}}],"collection":[{"href":"https:\/\/monnempride.de\/en\/wp-json\/wp\/v2\/tribe_events"}],"about":[{"href":"https:\/\/monnempride.de\/en\/wp-json\/wp\/v2\/types\/tribe_events"}],"author":[{"embeddable":true,"href":"https:\/\/monnempride.de\/en\/wp-json\/wp\/v2\/users\/1"}],"version-history":[{"count":5,"href":"https:\/\/monnempride.de\/en\/wp-json\/wp\/v2\/tribe_events\/1158\/revisions"}],"predecessor-version":[{"id":1394,"href":"https:\/\/monnempride.de\/en\/wp-json\/wp\/v2\/tribe_events\/1158\/revisions\/1394"}],"wp:attachment":[{"href":"https:\/\/monnempride.de\/en\/wp-json\/wp\/v2\/media?parent=1158"}],"wp:term":[{"taxonomy":"post_tag","embeddable":true,"href":"https:\/\/monnempride.de\/en\/wp-json\/wp\/v2\/tags?post=1158"},{"taxonomy":"tribe_events_cat","embeddable":true,"href":"https:\/\/monnempride.de\/en\/wp-json\/wp\/v2\/tribe_events_cat?post=1158"}],"curies":[{"name":"wp","href":"https:\/\/api.w.org\/{rel}","templated":true}]}}