{"id":1169,"date":"2024-06-19T09:45:56","date_gmt":"2024-06-19T08:45:56","guid":{"rendered":"https:\/\/monnempride.de\/?post_type=tribe_events&#038;p=1169"},"modified":"2024-06-20T15:20:33","modified_gmt":"2024-06-20T14:20:33","slug":"queer-im-leben-wege-und-stationen-des-queeren-lebens-in-mannheim-und-in-der-region-ausstellungseroeffnung","status":"publish","type":"tribe_events","link":"https:\/\/monnempride.de\/en\/veranstaltung\/queer-im-leben-wege-und-stationen-des-queeren-lebens-in-mannheim-und-in-der-region-ausstellungseroeffnung\/","title":{"rendered":"Queer im Leben! Wege und Stationen des queeren Lebens in Mannheim und in der Region \u2013 Ausstellungser\u00f6ffnung"},"content":{"rendered":"<div class=\"clearfix text-formatted field field--name-field-teasertext field--type-text-long field--label-hidden field--item\">\n<figure id=\"attachment_1183\" aria-describedby=\"caption-attachment-1183\" style=\"width: 495px\" class=\"wp-caption alignleft\"><img loading=\"lazy\" decoding=\"async\" class=\"wp-image-1183\" style=\"font-style: inherit; font-weight: inherit;\" src=\"https:\/\/monnempride.de\/wp-content\/uploads\/2024\/06\/KeyVisual_Queer-Ausstellung.jpg\" alt=\"\" width=\"495\" height=\"431\" srcset=\"https:\/\/monnempride.de\/wp-content\/uploads\/2024\/06\/KeyVisual_Queer-Ausstellung.jpg 1181w, https:\/\/monnempride.de\/wp-content\/uploads\/2024\/06\/KeyVisual_Queer-Ausstellung-300x261.jpg 300w, https:\/\/monnempride.de\/wp-content\/uploads\/2024\/06\/KeyVisual_Queer-Ausstellung-1024x891.jpg 1024w, https:\/\/monnempride.de\/wp-content\/uploads\/2024\/06\/KeyVisual_Queer-Ausstellung-768x669.jpg 768w\" sizes=\"auto, (max-width: 495px) 100vw, 495px\" \/><figcaption id=\"caption-attachment-1183\" class=\"wp-caption-text\">Keyvisual der Ausstellung &#8222;Queer im Leben! Wege und Stationen des queeren Lebens in Mannheim und in der Region<\/figcaption><\/figure>\n<p><span style=\"font-size: 16px;\">Die Ausstellung folgt den wechselvollen Wegen und Stationen queeren Lebens in Mannheim und Region. Auf der einen Seite sind sie gepr\u00e4gt von Verfolgungen, Stigmatisierungen und Diskriminierungen, auf der anderen Seite vom dagegen Aufbegehren, von queeren Emanzipationen und dem Entstehen queerer Communities.<\/span><\/p>\n<\/div>\n<p><strong>Ort: MARCHIVUM, Sonderausstellungsraum im Erdgeschoss<br \/>\nAusstellungser\u00f6ffnung: 11.07.2024, 18 Uhr mit Vortrag von Dr. Julia Noah Munier und Karl-Heinz Steinle<br \/>\nAusstellungsdauer: 12.7.-1.9.2024<\/strong><br \/>\n<strong>\u00d6ffnungszeiten: Di, Do-So 10-18 Uhr, Mi 10-20 Uhr<br \/>\nKuratorenf\u00fchrung mit Dr. Andreas Schenk: 14.7.2024, 14 Uhr, die Teilnehmendenzahl ist begrenzt, eine Voranmeldung ist nicht m\u00f6glich<\/strong><\/p>\n<div class=\"clearfix text-formatted field field--name-body field--type-text-with-summary field--label-hidden field--item\">\n<p>Der Blick in die Vergangenheit zeigt, wie sehr queere Menschen auch in der Rhein-Neckar-Region verfolgt und ausgegrenzt wurden, wie sie um ihre Anerkennung und ihre Rechte k\u00e4mpfen mussten. Bis zur Reform des \u00a7 175 im Jahr 1969 war m\u00e4nnliche Homosexualit\u00e4t verboten. In der NS-Zeit erreichte die Verfolgung ihren H\u00f6hepunkt. Neben schwulen M\u00e4nnern wurden auch lesbische Frauen, trans- und inter-Personen verfolgt. Auch Menschen aus Mannheim und der Region kamen <span style=\"font-size: 16px;\">in den Konzentrationslagern ums Leben. Die NS-Zeit bedeutete das vorl\u00e4ufige Ende der fr\u00fchen queeren Emanzipationsbewegung und ihrer Gruppierungen.<\/span><\/p>\n<p>Schon in den 1910er und 1920er Jahren lassen sich in Mannheim Gastst\u00e4ten nachweisen, die als Treffpunkte queerer Menschen dienten, es gab bereits queere Gruppen, queere Zeitschriften und queere Filme. Nach 1945, insbesondere aber seit 1969 schreitet die queere Emanzipation auf vielf\u00e4ltige Art und Weise weiter.\u00a0Heute ist queeres Leben in vielen Bereichen sichtbar und akzeptiert. In Deutschland st\u00e4rken Gesetze die Rechte lesbischer, schwuler, bisexueller, transgeschlechtlicher, intergeschlechtlicher und anderer queerer Menschen. Dennoch sind immer noch F\u00e4lle von Diskriminierung, Diffamierung, Ablehnung und Gewalt zu verzeichnen. Weltweit sind queere Menschen in vielen L\u00e4ndern staatlicher Verfolgung ausgesetzt.<\/p>\n<p>Die von Dr. Andreas Schenk kuratierte Ausstellung des MARCHIVUM ist ein Folgeprojekt des 2022 ver\u00f6ffentlichten Buches \u201eQueer im Leben! Geschlechtliche und sexuelle Vielfalt in Geschichte und Gegenwart der Rhein-Neckar-Region\u201c. Die in der Ausstellung gezeigten Wege und Stationen queeren Lebens in Mannheim und der Region f\u00fchren zur Geschichte der Verfolgung und Emanzipation, zu Biografien und queeren Orten. Au\u00dferdem stellen sich queere Vereine vor. Die fotografische Wand- und Rauminstallation NOT ENOUGH des K\u00fcnstlers und Fotografen Alexander K\u00e4stel schlie\u00dft die Schau mit ungew\u00f6hnlichen Portr\u00e4ts queerer Menschen ab.<\/p>\n<h3>Ausstellungsteam<\/h3>\n<div class=\"field field--name-field-kurator field--type-string field--label-inline clearfix\">\n<ul>\n<li class=\"field--label\">Kurator*in: Dr. Andreas Schenk<\/li>\n<li class=\"field--label\"><span style=\"font-size: 16px;\">Ausstellungsdesign: <\/span><span style=\"font-size: 16px;\">kayserreich \u2013 kommunikative Gestaltung<\/span><\/li>\n<\/ul>\n<\/div>\n<h3>Tickets<\/h3>\n<p>(Im Preis sind die beiden Dauerausstellungen &#8222;Typisch Mannheim!&#8220; und &#8222;Was hat das mit mir zu tun?&#8220; enthalten.)<\/p>\n<ul>\n<li class=\"field--item\"><strong>Erwachsene:<\/strong>\u00a09.00 EUR<\/li>\n<li class=\"field--item\"><strong>Erm\u00e4\u00dfigt:<\/strong>\u00a05.00 EUR<\/li>\n<\/ul>\n<p style=\"text-align: right;\">Copyright \u00a9 2018 MARCHIVUM. All rights reserved.<\/p>\n<\/div>","protected":false},"excerpt":{"rendered":"<p>Die Ausstellung folgt den wechselvollen Wegen und Stationen queeren Lebens in Mannheim und Region. Auf der einen Seite sind sie gepr\u00e4gt von Verfolgungen, Stigmatisierungen und Diskriminierungen, auf der anderen Seite [&hellip;]<\/p>","protected":false},"author":1,"featured_media":0,"template":"","meta":{"_eb_attr":"","site-sidebar-layout":"default","site-content-layout":"","ast-site-content-layout":"default","site-content-style":"default","site-sidebar-style":"default","ast-global-header-display":"","ast-banner-title-visibility":"","ast-main-header-display":"","ast-hfb-above-header-display":"","ast-hfb-below-header-display":"","ast-hfb-mobile-header-display":"","site-post-title":"","ast-breadcrumbs-content":"","ast-featured-img":"","footer-sml-layout":"","theme-transparent-header-meta":"default","adv-header-id-meta":"","stick-header-meta":"","header-above-stick-meta":"","header-main-stick-meta":"","header-below-stick-meta":"","astra-migrate-meta-layouts":"set","ast-page-background-enabled":"default","ast-page-background-meta":{"desktop":{"background-color":"var(--ast-global-color-4)","background-image":"","background-repeat":"repeat","background-position":"center center","background-size":"auto","background-attachment":"scroll","background-type":"","background-media":"","overlay-type":"","overlay-color":"","overlay-opacity":"","overlay-gradient":""},"tablet":{"background-color":"","background-image":"","background-repeat":"repeat","background-position":"center center","background-size":"auto","background-attachment":"scroll","background-type":"","background-media":"","overlay-type":"","overlay-color":"","overlay-opacity":"","overlay-gradient":""},"mobile":{"background-color":"","background-image":"","background-repeat":"repeat","background-position":"center center","background-size":"auto","background-attachment":"scroll","background-type":"","background-media":"","overlay-type":"","overlay-color":"","overlay-opacity":"","overlay-gradient":""}},"ast-content-background-meta":{"desktop":{"background-color":"var(--ast-global-color-5)","background-image":"","background-repeat":"repeat","background-position":"center center","background-size":"auto","background-attachment":"scroll","background-type":"","background-media":"","overlay-type":"","overlay-color":"","overlay-opacity":"","overlay-gradient":""},"tablet":{"background-color":"var(--ast-global-color-5)","background-image":"","background-repeat":"repeat","background-position":"center center","background-size":"auto","background-attachment":"scroll","background-type":"","background-media":"","overlay-type":"","overlay-color":"","overlay-opacity":"","overlay-gradient":""},"mobile":{"background-color":"var(--ast-global-color-5)","background-image":"","background-repeat":"repeat","background-position":"center center","background-size":"auto","background-attachment":"scroll","background-type":"","background-media":"","overlay-type":"","overlay-color":"","overlay-opacity":"","overlay-gradient":""}},"_tribe_events_status":"","_tribe_events_status_reason":"","footnotes":""},"tags":[],"tribe_events_cat":[],"class_list":["post-1169","tribe_events","type-tribe_events","status-publish","hentry"],"yoast_head":"<!-- This site is optimized with the Yoast SEO plugin v27.5 - https:\/\/yoast.com\/product\/yoast-seo-wordpress\/ -->\n<title>Queer im Leben! Wege und Stationen des queeren Lebens in Mannheim und in der Region \u2013 Ausstellungser\u00f6ffnung &#8211; Monnem Pride<\/title>\n<meta name=\"robots\" content=\"index, follow, max-snippet:-1, max-image-preview:large, max-video-preview:-1\" \/>\n<link rel=\"canonical\" href=\"https:\/\/monnempride.de\/en\/event\/queer-im-leben-wege-und-stationen-des-queeren-lebens-in-mannheim-und-in-der-region-ausstellungseroeffnung\/\" \/>\n<meta property=\"og:locale\" content=\"en_US\" \/>\n<meta property=\"og:type\" content=\"article\" \/>\n<meta property=\"og:title\" content=\"Queer im Leben! Wege und Stationen des queeren Lebens in Mannheim und in der Region \u2013 Ausstellungser\u00f6ffnung &#8211; Monnem Pride\" \/>\n<meta property=\"og:description\" content=\"Die Ausstellung folgt den wechselvollen Wegen und Stationen queeren Lebens in Mannheim und Region. Auf der einen Seite sind sie gepr\u00e4gt von Verfolgungen, Stigmatisierungen und Diskriminierungen, auf der anderen Seite [&hellip;]\" \/>\n<meta property=\"og:url\" content=\"https:\/\/monnempride.de\/en\/event\/queer-im-leben-wege-und-stationen-des-queeren-lebens-in-mannheim-und-in-der-region-ausstellungseroeffnung\/\" \/>\n<meta property=\"og:site_name\" content=\"Monnem Pride\" \/>\n<meta property=\"article:modified_time\" content=\"2024-06-20T14:20:33+00:00\" \/>\n<meta property=\"og:image\" content=\"https:\/\/monnempride.de\/wp-content\/uploads\/2024\/06\/KeyVisual_Queer-Ausstellung.jpg\" \/>\n<meta name=\"twitter:card\" content=\"summary_large_image\" \/>\n<meta name=\"twitter:label1\" content=\"Est. reading time\" \/>\n\t<meta name=\"twitter:data1\" content=\"3 minutes\" \/>\n<script type=\"application\/ld+json\" class=\"yoast-schema-graph\">{\"@context\":\"https:\\\/\\\/schema.org\",\"@graph\":[{\"@type\":\"WebPage\",\"@id\":\"https:\\\/\\\/monnempride.de\\\/event\\\/queer-im-leben-wege-und-stationen-des-queeren-lebens-in-mannheim-und-in-der-region-ausstellungseroeffnung\\\/\",\"url\":\"https:\\\/\\\/monnempride.de\\\/event\\\/queer-im-leben-wege-und-stationen-des-queeren-lebens-in-mannheim-und-in-der-region-ausstellungseroeffnung\\\/\",\"name\":\"Queer im Leben! Wege und Stationen des queeren Lebens in Mannheim und in der Region \u2013 Ausstellungser\u00f6ffnung &#8211; Monnem Pride\",\"isPartOf\":{\"@id\":\"https:\\\/\\\/monnempride.de\\\/#website\"},\"primaryImageOfPage\":{\"@id\":\"https:\\\/\\\/monnempride.de\\\/event\\\/queer-im-leben-wege-und-stationen-des-queeren-lebens-in-mannheim-und-in-der-region-ausstellungseroeffnung\\\/#primaryimage\"},\"image\":{\"@id\":\"https:\\\/\\\/monnempride.de\\\/event\\\/queer-im-leben-wege-und-stationen-des-queeren-lebens-in-mannheim-und-in-der-region-ausstellungseroeffnung\\\/#primaryimage\"},\"thumbnailUrl\":\"https:\\\/\\\/monnempride.de\\\/wp-content\\\/uploads\\\/2024\\\/06\\\/KeyVisual_Queer-Ausstellung.jpg\",\"datePublished\":\"2024-06-19T08:45:56+00:00\",\"dateModified\":\"2024-06-20T14:20:33+00:00\",\"breadcrumb\":{\"@id\":\"https:\\\/\\\/monnempride.de\\\/event\\\/queer-im-leben-wege-und-stationen-des-queeren-lebens-in-mannheim-und-in-der-region-ausstellungseroeffnung\\\/#breadcrumb\"},\"inLanguage\":\"en-US\",\"potentialAction\":[{\"@type\":\"ReadAction\",\"target\":[\"https:\\\/\\\/monnempride.de\\\/event\\\/queer-im-leben-wege-und-stationen-des-queeren-lebens-in-mannheim-und-in-der-region-ausstellungseroeffnung\\\/\"]}]},{\"@type\":\"ImageObject\",\"inLanguage\":\"en-US\",\"@id\":\"https:\\\/\\\/monnempride.de\\\/event\\\/queer-im-leben-wege-und-stationen-des-queeren-lebens-in-mannheim-und-in-der-region-ausstellungseroeffnung\\\/#primaryimage\",\"url\":\"https:\\\/\\\/monnempride.de\\\/wp-content\\\/uploads\\\/2024\\\/06\\\/KeyVisual_Queer-Ausstellung.jpg\",\"contentUrl\":\"https:\\\/\\\/monnempride.de\\\/wp-content\\\/uploads\\\/2024\\\/06\\\/KeyVisual_Queer-Ausstellung.jpg\"},{\"@type\":\"BreadcrumbList\",\"@id\":\"https:\\\/\\\/monnempride.de\\\/event\\\/queer-im-leben-wege-und-stationen-des-queeren-lebens-in-mannheim-und-in-der-region-ausstellungseroeffnung\\\/#breadcrumb\",\"itemListElement\":[{\"@type\":\"ListItem\",\"position\":1,\"name\":\"Startseite\",\"item\":\"https:\\\/\\\/monnempride.de\\\/\"},{\"@type\":\"ListItem\",\"position\":2,\"name\":\"Veranstaltungen\",\"item\":\"https:\\\/\\\/monnempride.de\\\/events\\\/\"},{\"@type\":\"ListItem\",\"position\":3,\"name\":\"Queer im Leben! Wege und Stationen des queeren Lebens in Mannheim und in der Region \u2013 Ausstellungser\u00f6ffnung\"}]},{\"@type\":\"WebSite\",\"@id\":\"https:\\\/\\\/monnempride.de\\\/#website\",\"url\":\"https:\\\/\\\/monnempride.de\\\/\",\"name\":\"Monnem Pride\",\"description\":\"zusammen eins \u2013 intersektional. antifaschistisch. queer.\",\"publisher\":{\"@id\":\"https:\\\/\\\/monnempride.de\\\/#organization\"},\"potentialAction\":[{\"@type\":\"SearchAction\",\"target\":{\"@type\":\"EntryPoint\",\"urlTemplate\":\"https:\\\/\\\/monnempride.de\\\/?s={search_term_string}\"},\"query-input\":{\"@type\":\"PropertyValueSpecification\",\"valueRequired\":true,\"valueName\":\"search_term_string\"}}],\"inLanguage\":\"en-US\"},{\"@type\":\"Organization\",\"@id\":\"https:\\\/\\\/monnempride.de\\\/#organization\",\"name\":\"Monnem Pride\",\"url\":\"https:\\\/\\\/monnempride.de\\\/\",\"logo\":{\"@type\":\"ImageObject\",\"inLanguage\":\"en-US\",\"@id\":\"https:\\\/\\\/monnempride.de\\\/#\\\/schema\\\/logo\\\/image\\\/\",\"url\":\"http:\\\/\\\/monnempride.de\\\/wp-content\\\/uploads\\\/2024\\\/01\\\/cropped-Element-1Logo-1.png\",\"contentUrl\":\"http:\\\/\\\/monnempride.de\\\/wp-content\\\/uploads\\\/2024\\\/01\\\/cropped-Element-1Logo-1.png\",\"width\":200,\"height\":114,\"caption\":\"Monnem Pride\"},\"image\":{\"@id\":\"https:\\\/\\\/monnempride.de\\\/#\\\/schema\\\/logo\\\/image\\\/\"}}]}<\/script>\n<!-- \/ Yoast SEO plugin. -->","yoast_head_json":{"title":"Queer im Leben! Wege und Stationen des queeren Lebens in Mannheim und in der Region \u2013 Ausstellungser\u00f6ffnung &#8211; Monnem Pride","robots":{"index":"index","follow":"follow","max-snippet":"max-snippet:-1","max-image-preview":"max-image-preview:large","max-video-preview":"max-video-preview:-1"},"canonical":"https:\/\/monnempride.de\/en\/event\/queer-im-leben-wege-und-stationen-des-queeren-lebens-in-mannheim-und-in-der-region-ausstellungseroeffnung\/","og_locale":"en_US","og_type":"article","og_title":"Queer im Leben! Wege und Stationen des queeren Lebens in Mannheim und in der Region \u2013 Ausstellungser\u00f6ffnung &#8211; Monnem Pride","og_description":"Die Ausstellung folgt den wechselvollen Wegen und Stationen queeren Lebens in Mannheim und Region. Auf der einen Seite sind sie gepr\u00e4gt von Verfolgungen, Stigmatisierungen und Diskriminierungen, auf der anderen Seite [&hellip;]","og_url":"https:\/\/monnempride.de\/en\/event\/queer-im-leben-wege-und-stationen-des-queeren-lebens-in-mannheim-und-in-der-region-ausstellungseroeffnung\/","og_site_name":"Monnem Pride","article_modified_time":"2024-06-20T14:20:33+00:00","og_image":[{"url":"https:\/\/monnempride.de\/wp-content\/uploads\/2024\/06\/KeyVisual_Queer-Ausstellung.jpg","type":"","width":"","height":""}],"twitter_card":"summary_large_image","twitter_misc":{"Est. reading time":"3 minutes"},"schema":{"@context":"https:\/\/schema.org","@graph":[{"@type":"WebPage","@id":"https:\/\/monnempride.de\/event\/queer-im-leben-wege-und-stationen-des-queeren-lebens-in-mannheim-und-in-der-region-ausstellungseroeffnung\/","url":"https:\/\/monnempride.de\/event\/queer-im-leben-wege-und-stationen-des-queeren-lebens-in-mannheim-und-in-der-region-ausstellungseroeffnung\/","name":"Queer im Leben! Wege und Stationen des queeren Lebens in Mannheim und in der Region \u2013 Ausstellungser\u00f6ffnung &#8211; Monnem Pride","isPartOf":{"@id":"https:\/\/monnempride.de\/#website"},"primaryImageOfPage":{"@id":"https:\/\/monnempride.de\/event\/queer-im-leben-wege-und-stationen-des-queeren-lebens-in-mannheim-und-in-der-region-ausstellungseroeffnung\/#primaryimage"},"image":{"@id":"https:\/\/monnempride.de\/event\/queer-im-leben-wege-und-stationen-des-queeren-lebens-in-mannheim-und-in-der-region-ausstellungseroeffnung\/#primaryimage"},"thumbnailUrl":"https:\/\/monnempride.de\/wp-content\/uploads\/2024\/06\/KeyVisual_Queer-Ausstellung.jpg","datePublished":"2024-06-19T08:45:56+00:00","dateModified":"2024-06-20T14:20:33+00:00","breadcrumb":{"@id":"https:\/\/monnempride.de\/event\/queer-im-leben-wege-und-stationen-des-queeren-lebens-in-mannheim-und-in-der-region-ausstellungseroeffnung\/#breadcrumb"},"inLanguage":"en-US","potentialAction":[{"@type":"ReadAction","target":["https:\/\/monnempride.de\/event\/queer-im-leben-wege-und-stationen-des-queeren-lebens-in-mannheim-und-in-der-region-ausstellungseroeffnung\/"]}]},{"@type":"ImageObject","inLanguage":"en-US","@id":"https:\/\/monnempride.de\/event\/queer-im-leben-wege-und-stationen-des-queeren-lebens-in-mannheim-und-in-der-region-ausstellungseroeffnung\/#primaryimage","url":"https:\/\/monnempride.de\/wp-content\/uploads\/2024\/06\/KeyVisual_Queer-Ausstellung.jpg","contentUrl":"https:\/\/monnempride.de\/wp-content\/uploads\/2024\/06\/KeyVisual_Queer-Ausstellung.jpg"},{"@type":"BreadcrumbList","@id":"https:\/\/monnempride.de\/event\/queer-im-leben-wege-und-stationen-des-queeren-lebens-in-mannheim-und-in-der-region-ausstellungseroeffnung\/#breadcrumb","itemListElement":[{"@type":"ListItem","position":1,"name":"Startseite","item":"https:\/\/monnempride.de\/"},{"@type":"ListItem","position":2,"name":"Veranstaltungen","item":"https:\/\/monnempride.de\/events\/"},{"@type":"ListItem","position":3,"name":"Queer im Leben! Wege und Stationen des queeren Lebens in Mannheim und in der Region \u2013 Ausstellungser\u00f6ffnung"}]},{"@type":"WebSite","@id":"https:\/\/monnempride.de\/#website","url":"https:\/\/monnempride.de\/","name":"Monnem Pride","description":"zusammen eins \u2013 intersektional. antifaschistisch. queer.","publisher":{"@id":"https:\/\/monnempride.de\/#organization"},"potentialAction":[{"@type":"SearchAction","target":{"@type":"EntryPoint","urlTemplate":"https:\/\/monnempride.de\/?s={search_term_string}"},"query-input":{"@type":"PropertyValueSpecification","valueRequired":true,"valueName":"search_term_string"}}],"inLanguage":"en-US"},{"@type":"Organization","@id":"https:\/\/monnempride.de\/#organization","name":"Monnem Pride","url":"https:\/\/monnempride.de\/","logo":{"@type":"ImageObject","inLanguage":"en-US","@id":"https:\/\/monnempride.de\/#\/schema\/logo\/image\/","url":"http:\/\/monnempride.de\/wp-content\/uploads\/2024\/01\/cropped-Element-1Logo-1.png","contentUrl":"http:\/\/monnempride.de\/wp-content\/uploads\/2024\/01\/cropped-Element-1Logo-1.png","width":200,"height":114,"caption":"Monnem Pride"},"image":{"@id":"https:\/\/monnempride.de\/#\/schema\/logo\/image\/"}}]}},"_links":{"self":[{"href":"https:\/\/monnempride.de\/en\/wp-json\/wp\/v2\/tribe_events\/1169","targetHints":{"allow":["GET"]}}],"collection":[{"href":"https:\/\/monnempride.de\/en\/wp-json\/wp\/v2\/tribe_events"}],"about":[{"href":"https:\/\/monnempride.de\/en\/wp-json\/wp\/v2\/types\/tribe_events"}],"author":[{"embeddable":true,"href":"https:\/\/monnempride.de\/en\/wp-json\/wp\/v2\/users\/1"}],"version-history":[{"count":5,"href":"https:\/\/monnempride.de\/en\/wp-json\/wp\/v2\/tribe_events\/1169\/revisions"}],"predecessor-version":[{"id":1182,"href":"https:\/\/monnempride.de\/en\/wp-json\/wp\/v2\/tribe_events\/1169\/revisions\/1182"}],"wp:attachment":[{"href":"https:\/\/monnempride.de\/en\/wp-json\/wp\/v2\/media?parent=1169"}],"wp:term":[{"taxonomy":"post_tag","embeddable":true,"href":"https:\/\/monnempride.de\/en\/wp-json\/wp\/v2\/tags?post=1169"},{"taxonomy":"tribe_events_cat","embeddable":true,"href":"https:\/\/monnempride.de\/en\/wp-json\/wp\/v2\/tribe_events_cat?post=1169"}],"curies":[{"name":"wp","href":"https:\/\/api.w.org\/{rel}","templated":true}]}}