{"id":1250,"date":"2024-06-21T10:42:35","date_gmt":"2024-06-21T09:42:35","guid":{"rendered":"https:\/\/monnempride.de\/?post_type=tribe_events&#038;p=1250"},"modified":"2024-06-21T10:42:35","modified_gmt":"2024-06-21T09:42:35","slug":"buch-club-zur-ausstellung-sarah-lucas-sense-of-human","status":"publish","type":"tribe_events","link":"https:\/\/monnempride.de\/en\/veranstaltung\/buch-club-zur-ausstellung-sarah-lucas-sense-of-human\/","title":{"rendered":"BUCH-CLUB ZUR AUSSTELLUNG \u201eSARAH LUCAS \u2013 SENSE OF HUMAN\u201c"},"content":{"rendered":"<p><strong>\u00dcber K\u00f6rper, Klasse und Feminismus<\/strong><\/p>\n<p><strong>Buch-Club zur Ausstellung \u201eSarah Lucas \u2013 Sense of Human\u201c<\/strong><\/p>\n<p>Die britische K\u00fcnstlerin Sarah Lucas (*1962 in London, UK) setzt sich in ihrem vielschichtigen Werk kritisch und humorvoll mit Aspekten des menschlichen K\u00f6rpers und seinen gesellschaftlichen Zuschreibungen auseinander. Oft finden Alltagsgegenst\u00e4nde und saloppe Sprache Eingang in ihr Werk, das sie spielerisch in neue Bedeutungszusammenh\u00e4nge stellt und in dem sie grundlegende Themen der Bildhauerei erkundet.<\/p>\n<p>Im Programm zur Ausstellung greift die Kunsthalle Mannheim zentrale Begrifflichkeiten auf: K\u00f6rper, Feminismus und Klassismus Der neu gegr\u00fcndete \u201eBuch-Club\u201c der Kunsthalle Mannheim bietet an vier die Ausstellung begleitenden Terminen einen Blick in aktuelle Publikationen und mediale Beitr\u00e4ge, in denen Sie die tiefgreifenden Einfl\u00fcsse von Armut und finanzieller Knappheit auf unser t\u00e4gliches Leben erkunden k\u00f6nnen. Wie schreiben sich die Erfahrungen, die wir im Laufe unseres Lebens sammeln, tief in unsere Identit\u00e4t ein?<\/p>\n<p>Jeder K\u00f6rper mit all seinen Eigenschaften \u2013 Gesundheit, Behinderung, Geschlecht, Hautfarbe, Herkunft, etc. \u2013 erf\u00e4hrt eine andere Realit\u00e4t.<\/p>\n<p>Unsere Herkunft beeinflusst nicht nur, was wir essen und wie wir aussehen und was wir wahrnehmen, sondern auch unsere Vorstellungen von Sch\u00f6nheit und Selbstwert, sowie unser Verh\u00e4ltnis zu unserem eigenen K\u00f6rper.<\/p>\n<p>Die Diskussion wird auch darauf eingehen, wie sich die soziale Herkunft in unseren Einstellungen zur Sexualit\u00e4t, \u00c4sthetik, Gesundheit und Krankheit zeigt und wie sie durch Gewohnheiten \u00fcber Generationen hinweg weitergegeben werden. Wie k\u00f6nnen solche Muster \u201esozialer Gene\u201c durchbrochen werden?<\/p>\n<p>Leitung: Dr. Andrea Chagas L\u00f3pez (sie\/ihr) Soziolinguistin, transdisziplin\u00e4re Forscherin und Akivistin.<\/p>\n<p>Der Buch-Club wird in Kooperation mit der Stadtbibliothek Mannheim, dem Queeren Zentrum Mannheim e.V., dem Frauenbuchladen Xanthippe sowie dem Verein Ausweg Rhein-Neckar-Initiative gegen Armut und Klassismus in Mannheim-konzipiert und durchgef\u00fchrt.<\/p>\n<p>Alle Termine:<\/p>\n<p>Mittwoch, 19.06.24, 18:00 Uhr<br \/>\nBuch-Club Thema: Sarah Lucas \u2013 Sense of Human. Auftakt &amp; Kennenlernen.<\/p>\n<p>Mittwoch, 03.07.24, 18:00 Uhr<br \/>\nBuch-Club Thema: K\u00f6rper.<\/p>\n<p>Mittwoch, 04.09.24, 18:00 Uhr<br \/>\nBuch-Club Thema: Klassismus.<\/p>\n<p>Mittwoch, 02.10.24<br \/>\nBuch-Club Thema: Feminismus.<\/p>","protected":false},"excerpt":{"rendered":"<p>\u00dcber K\u00f6rper, Klasse und Feminismus Buch-Club zur Ausstellung \u201eSarah Lucas \u2013 Sense of Human\u201c Die britische K\u00fcnstlerin Sarah Lucas (*1962 in London, UK) setzt sich in ihrem vielschichtigen Werk kritisch [&hellip;]<\/p>","protected":false},"author":1,"featured_media":0,"template":"","meta":{"_eb_attr":"","site-sidebar-layout":"default","site-content-layout":"","ast-site-content-layout":"default","site-content-style":"default","site-sidebar-style":"default","ast-global-header-display":"","ast-banner-title-visibility":"","ast-main-header-display":"","ast-hfb-above-header-display":"","ast-hfb-below-header-display":"","ast-hfb-mobile-header-display":"","site-post-title":"","ast-breadcrumbs-content":"","ast-featured-img":"","footer-sml-layout":"","theme-transparent-header-meta":"default","adv-header-id-meta":"","stick-header-meta":"","header-above-stick-meta":"","header-main-stick-meta":"","header-below-stick-meta":"","astra-migrate-meta-layouts":"set","ast-page-background-enabled":"default","ast-page-background-meta":{"desktop":{"background-color":"var(--ast-global-color-4)","background-image":"","background-repeat":"repeat","background-position":"center center","background-size":"auto","background-attachment":"scroll","background-type":"","background-media":"","overlay-type":"","overlay-color":"","overlay-opacity":"","overlay-gradient":""},"tablet":{"background-color":"","background-image":"","background-repeat":"repeat","background-position":"center center","background-size":"auto","background-attachment":"scroll","background-type":"","background-media":"","overlay-type":"","overlay-color":"","overlay-opacity":"","overlay-gradient":""},"mobile":{"background-color":"","background-image":"","background-repeat":"repeat","background-position":"center center","background-size":"auto","background-attachment":"scroll","background-type":"","background-media":"","overlay-type":"","overlay-color":"","overlay-opacity":"","overlay-gradient":""}},"ast-content-background-meta":{"desktop":{"background-color":"var(--ast-global-color-5)","background-image":"","background-repeat":"repeat","background-position":"center center","background-size":"auto","background-attachment":"scroll","background-type":"","background-media":"","overlay-type":"","overlay-color":"","overlay-opacity":"","overlay-gradient":""},"tablet":{"background-color":"var(--ast-global-color-5)","background-image":"","background-repeat":"repeat","background-position":"center center","background-size":"auto","background-attachment":"scroll","background-type":"","background-media":"","overlay-type":"","overlay-color":"","overlay-opacity":"","overlay-gradient":""},"mobile":{"background-color":"var(--ast-global-color-5)","background-image":"","background-repeat":"repeat","background-position":"center center","background-size":"auto","background-attachment":"scroll","background-type":"","background-media":"","overlay-type":"","overlay-color":"","overlay-opacity":"","overlay-gradient":""}},"_tribe_events_status":"","_tribe_events_status_reason":"","footnotes":""},"tags":[],"tribe_events_cat":[],"class_list":["post-1250","tribe_events","type-tribe_events","status-publish","hentry"],"yoast_head":"<!-- This site is optimized with the Yoast SEO plugin v27.5 - https:\/\/yoast.com\/product\/yoast-seo-wordpress\/ -->\n<title>BUCH-CLUB ZUR AUSSTELLUNG \u201eSARAH LUCAS \u2013 SENSE OF HUMAN\u201c &#8211; Monnem Pride<\/title>\n<meta name=\"robots\" content=\"index, follow, max-snippet:-1, max-image-preview:large, max-video-preview:-1\" \/>\n<link rel=\"canonical\" href=\"https:\/\/monnempride.de\/en\/event\/buch-club-zur-ausstellung-sarah-lucas-sense-of-human\/\" \/>\n<meta property=\"og:locale\" content=\"en_US\" \/>\n<meta property=\"og:type\" content=\"article\" \/>\n<meta property=\"og:title\" content=\"BUCH-CLUB ZUR AUSSTELLUNG \u201eSARAH LUCAS \u2013 SENSE OF HUMAN\u201c &#8211; Monnem Pride\" \/>\n<meta property=\"og:description\" content=\"\u00dcber K\u00f6rper, Klasse und Feminismus Buch-Club zur Ausstellung \u201eSarah Lucas \u2013 Sense of Human\u201c Die britische K\u00fcnstlerin Sarah Lucas (*1962 in London, UK) setzt sich in ihrem vielschichtigen Werk kritisch [&hellip;]\" \/>\n<meta property=\"og:url\" content=\"https:\/\/monnempride.de\/en\/event\/buch-club-zur-ausstellung-sarah-lucas-sense-of-human\/\" \/>\n<meta property=\"og:site_name\" content=\"Monnem Pride\" \/>\n<meta name=\"twitter:card\" content=\"summary_large_image\" \/>\n<meta name=\"twitter:label1\" content=\"Est. reading time\" \/>\n\t<meta name=\"twitter:data1\" content=\"2 minutes\" \/>\n<script type=\"application\/ld+json\" class=\"yoast-schema-graph\">{\"@context\":\"https:\\\/\\\/schema.org\",\"@graph\":[{\"@type\":\"WebPage\",\"@id\":\"https:\\\/\\\/monnempride.de\\\/event\\\/buch-club-zur-ausstellung-sarah-lucas-sense-of-human\\\/\",\"url\":\"https:\\\/\\\/monnempride.de\\\/event\\\/buch-club-zur-ausstellung-sarah-lucas-sense-of-human\\\/\",\"name\":\"BUCH-CLUB ZUR AUSSTELLUNG \u201eSARAH LUCAS \u2013 SENSE OF HUMAN\u201c &#8211; Monnem Pride\",\"isPartOf\":{\"@id\":\"https:\\\/\\\/monnempride.de\\\/#website\"},\"datePublished\":\"2024-06-21T09:42:35+00:00\",\"breadcrumb\":{\"@id\":\"https:\\\/\\\/monnempride.de\\\/event\\\/buch-club-zur-ausstellung-sarah-lucas-sense-of-human\\\/#breadcrumb\"},\"inLanguage\":\"en-US\",\"potentialAction\":[{\"@type\":\"ReadAction\",\"target\":[\"https:\\\/\\\/monnempride.de\\\/event\\\/buch-club-zur-ausstellung-sarah-lucas-sense-of-human\\\/\"]}]},{\"@type\":\"BreadcrumbList\",\"@id\":\"https:\\\/\\\/monnempride.de\\\/event\\\/buch-club-zur-ausstellung-sarah-lucas-sense-of-human\\\/#breadcrumb\",\"itemListElement\":[{\"@type\":\"ListItem\",\"position\":1,\"name\":\"Startseite\",\"item\":\"https:\\\/\\\/monnempride.de\\\/\"},{\"@type\":\"ListItem\",\"position\":2,\"name\":\"Veranstaltungen\",\"item\":\"https:\\\/\\\/monnempride.de\\\/events\\\/\"},{\"@type\":\"ListItem\",\"position\":3,\"name\":\"BUCH-CLUB ZUR AUSSTELLUNG \u201eSARAH LUCAS \u2013 SENSE OF HUMAN\u201c\"}]},{\"@type\":\"WebSite\",\"@id\":\"https:\\\/\\\/monnempride.de\\\/#website\",\"url\":\"https:\\\/\\\/monnempride.de\\\/\",\"name\":\"Monnem Pride\",\"description\":\"zusammen eins \u2013 intersektional. antifaschistisch. queer.\",\"publisher\":{\"@id\":\"https:\\\/\\\/monnempride.de\\\/#organization\"},\"potentialAction\":[{\"@type\":\"SearchAction\",\"target\":{\"@type\":\"EntryPoint\",\"urlTemplate\":\"https:\\\/\\\/monnempride.de\\\/?s={search_term_string}\"},\"query-input\":{\"@type\":\"PropertyValueSpecification\",\"valueRequired\":true,\"valueName\":\"search_term_string\"}}],\"inLanguage\":\"en-US\"},{\"@type\":\"Organization\",\"@id\":\"https:\\\/\\\/monnempride.de\\\/#organization\",\"name\":\"Monnem Pride\",\"url\":\"https:\\\/\\\/monnempride.de\\\/\",\"logo\":{\"@type\":\"ImageObject\",\"inLanguage\":\"en-US\",\"@id\":\"https:\\\/\\\/monnempride.de\\\/#\\\/schema\\\/logo\\\/image\\\/\",\"url\":\"http:\\\/\\\/monnempride.de\\\/wp-content\\\/uploads\\\/2024\\\/01\\\/cropped-Element-1Logo-1.png\",\"contentUrl\":\"http:\\\/\\\/monnempride.de\\\/wp-content\\\/uploads\\\/2024\\\/01\\\/cropped-Element-1Logo-1.png\",\"width\":200,\"height\":114,\"caption\":\"Monnem Pride\"},\"image\":{\"@id\":\"https:\\\/\\\/monnempride.de\\\/#\\\/schema\\\/logo\\\/image\\\/\"}}]}<\/script>\n<!-- \/ Yoast SEO plugin. -->","yoast_head_json":{"title":"BUCH-CLUB ZUR AUSSTELLUNG \u201eSARAH LUCAS \u2013 SENSE OF HUMAN\u201c &#8211; Monnem Pride","robots":{"index":"index","follow":"follow","max-snippet":"max-snippet:-1","max-image-preview":"max-image-preview:large","max-video-preview":"max-video-preview:-1"},"canonical":"https:\/\/monnempride.de\/en\/event\/buch-club-zur-ausstellung-sarah-lucas-sense-of-human\/","og_locale":"en_US","og_type":"article","og_title":"BUCH-CLUB ZUR AUSSTELLUNG \u201eSARAH LUCAS \u2013 SENSE OF HUMAN\u201c &#8211; Monnem Pride","og_description":"\u00dcber K\u00f6rper, Klasse und Feminismus Buch-Club zur Ausstellung \u201eSarah Lucas \u2013 Sense of Human\u201c Die britische K\u00fcnstlerin Sarah Lucas (*1962 in London, UK) setzt sich in ihrem vielschichtigen Werk kritisch [&hellip;]","og_url":"https:\/\/monnempride.de\/en\/event\/buch-club-zur-ausstellung-sarah-lucas-sense-of-human\/","og_site_name":"Monnem Pride","twitter_card":"summary_large_image","twitter_misc":{"Est. reading time":"2 minutes"},"schema":{"@context":"https:\/\/schema.org","@graph":[{"@type":"WebPage","@id":"https:\/\/monnempride.de\/event\/buch-club-zur-ausstellung-sarah-lucas-sense-of-human\/","url":"https:\/\/monnempride.de\/event\/buch-club-zur-ausstellung-sarah-lucas-sense-of-human\/","name":"BUCH-CLUB ZUR AUSSTELLUNG \u201eSARAH LUCAS \u2013 SENSE OF HUMAN\u201c &#8211; Monnem Pride","isPartOf":{"@id":"https:\/\/monnempride.de\/#website"},"datePublished":"2024-06-21T09:42:35+00:00","breadcrumb":{"@id":"https:\/\/monnempride.de\/event\/buch-club-zur-ausstellung-sarah-lucas-sense-of-human\/#breadcrumb"},"inLanguage":"en-US","potentialAction":[{"@type":"ReadAction","target":["https:\/\/monnempride.de\/event\/buch-club-zur-ausstellung-sarah-lucas-sense-of-human\/"]}]},{"@type":"BreadcrumbList","@id":"https:\/\/monnempride.de\/event\/buch-club-zur-ausstellung-sarah-lucas-sense-of-human\/#breadcrumb","itemListElement":[{"@type":"ListItem","position":1,"name":"Startseite","item":"https:\/\/monnempride.de\/"},{"@type":"ListItem","position":2,"name":"Veranstaltungen","item":"https:\/\/monnempride.de\/events\/"},{"@type":"ListItem","position":3,"name":"BUCH-CLUB ZUR AUSSTELLUNG \u201eSARAH LUCAS \u2013 SENSE OF HUMAN\u201c"}]},{"@type":"WebSite","@id":"https:\/\/monnempride.de\/#website","url":"https:\/\/monnempride.de\/","name":"Monnem Pride","description":"zusammen eins \u2013 intersektional. antifaschistisch. queer.","publisher":{"@id":"https:\/\/monnempride.de\/#organization"},"potentialAction":[{"@type":"SearchAction","target":{"@type":"EntryPoint","urlTemplate":"https:\/\/monnempride.de\/?s={search_term_string}"},"query-input":{"@type":"PropertyValueSpecification","valueRequired":true,"valueName":"search_term_string"}}],"inLanguage":"en-US"},{"@type":"Organization","@id":"https:\/\/monnempride.de\/#organization","name":"Monnem Pride","url":"https:\/\/monnempride.de\/","logo":{"@type":"ImageObject","inLanguage":"en-US","@id":"https:\/\/monnempride.de\/#\/schema\/logo\/image\/","url":"http:\/\/monnempride.de\/wp-content\/uploads\/2024\/01\/cropped-Element-1Logo-1.png","contentUrl":"http:\/\/monnempride.de\/wp-content\/uploads\/2024\/01\/cropped-Element-1Logo-1.png","width":200,"height":114,"caption":"Monnem Pride"},"image":{"@id":"https:\/\/monnempride.de\/#\/schema\/logo\/image\/"}}]}},"_links":{"self":[{"href":"https:\/\/monnempride.de\/en\/wp-json\/wp\/v2\/tribe_events\/1250","targetHints":{"allow":["GET"]}}],"collection":[{"href":"https:\/\/monnempride.de\/en\/wp-json\/wp\/v2\/tribe_events"}],"about":[{"href":"https:\/\/monnempride.de\/en\/wp-json\/wp\/v2\/types\/tribe_events"}],"author":[{"embeddable":true,"href":"https:\/\/monnempride.de\/en\/wp-json\/wp\/v2\/users\/1"}],"version-history":[{"count":1,"href":"https:\/\/monnempride.de\/en\/wp-json\/wp\/v2\/tribe_events\/1250\/revisions"}],"predecessor-version":[{"id":1251,"href":"https:\/\/monnempride.de\/en\/wp-json\/wp\/v2\/tribe_events\/1250\/revisions\/1251"}],"wp:attachment":[{"href":"https:\/\/monnempride.de\/en\/wp-json\/wp\/v2\/media?parent=1250"}],"wp:term":[{"taxonomy":"post_tag","embeddable":true,"href":"https:\/\/monnempride.de\/en\/wp-json\/wp\/v2\/tags?post=1250"},{"taxonomy":"tribe_events_cat","embeddable":true,"href":"https:\/\/monnempride.de\/en\/wp-json\/wp\/v2\/tribe_events_cat?post=1250"}],"curies":[{"name":"wp","href":"https:\/\/api.w.org\/{rel}","templated":true}]}}