{"id":886,"date":"2024-05-10T10:31:30","date_gmt":"2024-05-10T09:31:30","guid":{"rendered":"https:\/\/monnempride.de\/?post_type=tribe_events&#038;p=886"},"modified":"2024-06-25T12:21:54","modified_gmt":"2024-06-25T11:21:54","slug":"queerlactica","status":"publish","type":"tribe_events","link":"https:\/\/monnempride.de\/en\/veranstaltung\/queerlactica\/","title":{"rendered":"queerlactica PRIDE AS F*CK"},"content":{"rendered":"<p>Seid dabei, wenn die Queerlactica am 12. Juli 2024 mitten in der\u00a0<a href=\"https:\/\/monnempride.d\/\">Monnem Pride<\/a>\u00a0Galaxy landet. Wir katapultieren euch einmal mehr in einen Outer-Queerspace der Extraklasse!<br \/>\nGenau das Richtige, um in das\u00a0<a href=\"https:\/\/monnempride.de\/en\/\">CSD Weekend<\/a>\u00a0zu starten.<\/p>\n<p>Wir bieten euch diesmal auf gleich zwei Decks ein queeres Lineup an, zu dem ihr garantiert eure Bodys shaken k\u00f6nnt.<\/p>\n<p>Den Anfang auf dem Main Floor macht mit einer knallbunten Ladung Charts, Pop und House\u00a0<a href=\"https:\/\/queerlactica.de\/lineup\/#matthew\">MATTHEW BLACK<\/a>\u00a0aus Stuggi Town. Danach verf\u00fchrt euch\u00a0<a href=\"https:\/\/queerlactica.de\/lineup\/#nomi\">NOMI<\/a>\u00a0in die Welt von Hip Hop, RnB, Soul, Funk und Afrobeats.<br \/>\nAuf unserem zweiten Floor starten wir gegen Mitternacht mit feinsten Housebeats von\u00a0<a href=\"https:\/\/queerlactica.de\/lineup\/#alev\">Alev<\/a>\u00a0aus Mannheim\/Heidelberg. Und zu sp\u00e4terer Stunde \u00fcbernimmt\u00a0<a href=\"https:\/\/queerlactica.de\/lineup\/#killa\">KILLA (lecken)<\/a>\u00a0aus Berlin das Steuer und f\u00fchr uns auf einen ganz besonders wilden Ritt. Sp\u00fcrt eure K\u00f6rper, werdet eins mit dem Kosmos und tanzt, wackelt und vibriert mit uns zum ultimativen H\u00f6hepunkt der Pre Pride Night.<\/p>\n<p style=\"text-align: left;\">Euren\u00a0<a href=\"https:\/\/tickets.qzm-rn.de\/qlactica009\/\">Platz<\/a>\u00a0im\u00a0<a href=\"https:\/\/tickets.qzm-rn.de\/qlactica009\/\">Raumschiff<\/a>\u00a0k\u00f6nnt ihr euch schon jetzt\u00a0<a href=\"https:\/\/tickets.qzm-rn.de\/qlactica009\/\">reservieren<\/a>.<\/p>\n<p><img loading=\"lazy\" decoding=\"async\" class=\"\" style=\"font-weight: inherit;\" src=\"https:\/\/qzm-rn.de\/wp-content\/uploads\/2024\/06\/quad-unzensiert.png\" width=\"357\" height=\"357\" \/>Mehr auf der <a href=\"https:\/\/queerlactica.de\/\">queerlactica Website<\/a><\/p>\n<div class=\"wp-block-column is-layout-flow wp-block-column-is-layout-flow\">\n<div class=\"wp-block-buttons is-layout-flex wp-block-buttons-is-layout-flex\">\n<div class=\"wp-block-button\">\n<h3 class=\"wp-block-heading\">REGELN<\/h3>\n<h5 class=\"wp-block-heading\"><em>keine Rassist*innen\u00a0<\/em><br \/>\n<em>keine Sexist*innen<\/em><br \/>\n<em>keine Fotos<\/em><br \/>\n<em>kein Bodyshaming<\/em><br \/>\n<em>kein\u00a0<\/em>Ableismus<br \/>\n<em>nur JA ist JA<\/em><\/h5>\n<div class=\"wp-block-buttons is-layout-flex wp-block-buttons-is-layout-flex\">\n<div class=\"wp-block-button\"><a class=\"wp-block-button__link wp-element-button\" href=\"https:\/\/queerlactica.de\/coc\/\">Code of Conduct<\/a><\/div>\n<div><\/div>\n<\/div>\n<div>\n<h3><\/h3>\n<h3 class=\"wp-block-heading\">AWARENESS<\/h3>\n<p><em>Wir wollen, dass es allen gut geht! Aus diesem Grund gibt es auf jeder Queerlactica ein Awareness-Team. An das k\u00f6nnt ihr euch immer wenden, wenn es euch nicht gut geht oder ihr seht, dass es einer anderen Person nicht gut geht.<\/em><\/p>\n<div class=\"wp-block-buttons is-layout-flex wp-block-buttons-is-layout-flex\">\n<div class=\"wp-block-button\"><a class=\"wp-block-button__link wp-element-button\" href=\"https:\/\/queerlactica.de\/#awareness\">AWARENESS<\/a><\/div>\n<div><\/div>\n<\/div>\n<div>\n<h3><\/h3>\n<h3 class=\"wp-block-heading\">PREIS<\/h3>\n<p><em>Die Queerlactica ist die Soli-Party des Queeren Zentrum Mannheim. Alles, was wir nicht ausgeben, kommt dem QZM zugute.\u00a0<\/em>Wir wollen die Party allen Menschen zug\u00e4nglich machen: aus diesem Grund gibt es ein erm\u00e4\u00dfigtes und ein Soli-Ticket.<\/p>\n<div class=\"wp-block-buttons is-layout-flex wp-block-buttons-is-layout-flex\">\n<div class=\"wp-block-button\"><a class=\"wp-block-button__link wp-element-button\" href=\"https:\/\/queerlactica.de\/#price\">Preismodell<\/a><\/div>\n<\/div>\n<\/div>\n<\/div>\n<\/div>\n<div><strong>Preis: VVK Erm\u00e4\u00dfigt 7,50 EUR, Standard 10 EUR, Soli 15,00 EUR Abendkasse f\u00fcr alle 13 EUR<\/strong><\/div>\n<\/div>\n<\/div>","protected":false},"excerpt":{"rendered":"<p>Seid dabei, wenn die Queerlactica am 12. Juli 2024 mitten in der\u00a0Monnem Pride\u00a0Galaxy landet. Wir katapultieren euch einmal mehr in einen Outer-Queerspace der Extraklasse! Genau das Richtige, um in das\u00a0CSD [&hellip;]<\/p>","protected":false},"author":1,"featured_media":0,"template":"","meta":{"_eb_attr":"","site-sidebar-layout":"default","site-content-layout":"","ast-site-content-layout":"default","site-content-style":"default","site-sidebar-style":"default","ast-global-header-display":"","ast-banner-title-visibility":"","ast-main-header-display":"","ast-hfb-above-header-display":"","ast-hfb-below-header-display":"","ast-hfb-mobile-header-display":"","site-post-title":"","ast-breadcrumbs-content":"","ast-featured-img":"","footer-sml-layout":"","theme-transparent-header-meta":"default","adv-header-id-meta":"","stick-header-meta":"","header-above-stick-meta":"","header-main-stick-meta":"","header-below-stick-meta":"","astra-migrate-meta-layouts":"set","ast-page-background-enabled":"default","ast-page-background-meta":{"desktop":{"background-color":"var(--ast-global-color-4)","background-image":"","background-repeat":"repeat","background-position":"center center","background-size":"auto","background-attachment":"scroll","background-type":"","background-media":"","overlay-type":"","overlay-color":"","overlay-opacity":"","overlay-gradient":""},"tablet":{"background-color":"","background-image":"","background-repeat":"repeat","background-position":"center center","background-size":"auto","background-attachment":"scroll","background-type":"","background-media":"","overlay-type":"","overlay-color":"","overlay-opacity":"","overlay-gradient":""},"mobile":{"background-color":"","background-image":"","background-repeat":"repeat","background-position":"center center","background-size":"auto","background-attachment":"scroll","background-type":"","background-media":"","overlay-type":"","overlay-color":"","overlay-opacity":"","overlay-gradient":""}},"ast-content-background-meta":{"desktop":{"background-color":"var(--ast-global-color-5)","background-image":"","background-repeat":"repeat","background-position":"center center","background-size":"auto","background-attachment":"scroll","background-type":"","background-media":"","overlay-type":"","overlay-color":"","overlay-opacity":"","overlay-gradient":""},"tablet":{"background-color":"var(--ast-global-color-5)","background-image":"","background-repeat":"repeat","background-position":"center center","background-size":"auto","background-attachment":"scroll","background-type":"","background-media":"","overlay-type":"","overlay-color":"","overlay-opacity":"","overlay-gradient":""},"mobile":{"background-color":"var(--ast-global-color-5)","background-image":"","background-repeat":"repeat","background-position":"center center","background-size":"auto","background-attachment":"scroll","background-type":"","background-media":"","overlay-type":"","overlay-color":"","overlay-opacity":"","overlay-gradient":""}},"_tribe_events_status":"","_tribe_events_status_reason":"","footnotes":""},"tags":[],"tribe_events_cat":[],"class_list":["post-886","tribe_events","type-tribe_events","status-publish","hentry"],"yoast_head":"<!-- This site is optimized with the Yoast SEO plugin v27.5 - https:\/\/yoast.com\/product\/yoast-seo-wordpress\/ -->\n<title>queerlactica PRIDE AS F*CK &#8211; Monnem Pride<\/title>\n<meta name=\"description\" content=\"Die Queerlactica nimmt euch am Vorabend der Monnem Pride in neue Sph\u00e4ren mit!\u00a0Save the date und seid dabei!\" \/>\n<meta name=\"robots\" content=\"index, follow, max-snippet:-1, max-image-preview:large, max-video-preview:-1\" \/>\n<link rel=\"canonical\" href=\"https:\/\/monnempride.de\/en\/event\/queerlactica\/\" \/>\n<meta property=\"og:locale\" content=\"en_US\" \/>\n<meta property=\"og:type\" content=\"article\" \/>\n<meta property=\"og:title\" content=\"queerlactica PRIDE AS F*CK &#8211; Monnem Pride\" \/>\n<meta property=\"og:description\" content=\"Die Queerlactica nimmt euch am Vorabend der Monnem Pride in neue Sph\u00e4ren mit!\u00a0Save the date und seid dabei!\" \/>\n<meta property=\"og:url\" content=\"https:\/\/monnempride.de\/en\/event\/queerlactica\/\" \/>\n<meta property=\"og:site_name\" content=\"Monnem Pride\" \/>\n<meta property=\"article:modified_time\" content=\"2024-06-25T11:21:54+00:00\" \/>\n<meta property=\"og:image\" content=\"https:\/\/qzm-rn.de\/wp-content\/uploads\/2024\/06\/quad-unzensiert.png\" \/>\n<meta name=\"twitter:card\" content=\"summary_large_image\" \/>\n<meta name=\"twitter:label1\" content=\"Est. reading time\" \/>\n\t<meta name=\"twitter:data1\" content=\"2 minutes\" \/>\n<script type=\"application\/ld+json\" class=\"yoast-schema-graph\">{\"@context\":\"https:\\\/\\\/schema.org\",\"@graph\":[{\"@type\":\"WebPage\",\"@id\":\"https:\\\/\\\/monnempride.de\\\/event\\\/queerlactica\\\/\",\"url\":\"https:\\\/\\\/monnempride.de\\\/event\\\/queerlactica\\\/\",\"name\":\"queerlactica PRIDE AS F*CK &#8211; Monnem Pride\",\"isPartOf\":{\"@id\":\"https:\\\/\\\/monnempride.de\\\/#website\"},\"primaryImageOfPage\":{\"@id\":\"https:\\\/\\\/monnempride.de\\\/event\\\/queerlactica\\\/#primaryimage\"},\"image\":{\"@id\":\"https:\\\/\\\/monnempride.de\\\/event\\\/queerlactica\\\/#primaryimage\"},\"thumbnailUrl\":\"https:\\\/\\\/qzm-rn.de\\\/wp-content\\\/uploads\\\/2024\\\/06\\\/quad-unzensiert.png\",\"datePublished\":\"2024-05-10T09:31:30+00:00\",\"dateModified\":\"2024-06-25T11:21:54+00:00\",\"description\":\"Die Queerlactica nimmt euch am Vorabend der Monnem Pride in neue Sph\u00e4ren mit!\u00a0Save the date und seid dabei!\",\"breadcrumb\":{\"@id\":\"https:\\\/\\\/monnempride.de\\\/event\\\/queerlactica\\\/#breadcrumb\"},\"inLanguage\":\"en-US\",\"potentialAction\":[{\"@type\":\"ReadAction\",\"target\":[\"https:\\\/\\\/monnempride.de\\\/event\\\/queerlactica\\\/\"]}]},{\"@type\":\"ImageObject\",\"inLanguage\":\"en-US\",\"@id\":\"https:\\\/\\\/monnempride.de\\\/event\\\/queerlactica\\\/#primaryimage\",\"url\":\"https:\\\/\\\/qzm-rn.de\\\/wp-content\\\/uploads\\\/2024\\\/06\\\/quad-unzensiert.png\",\"contentUrl\":\"https:\\\/\\\/qzm-rn.de\\\/wp-content\\\/uploads\\\/2024\\\/06\\\/quad-unzensiert.png\"},{\"@type\":\"BreadcrumbList\",\"@id\":\"https:\\\/\\\/monnempride.de\\\/event\\\/queerlactica\\\/#breadcrumb\",\"itemListElement\":[{\"@type\":\"ListItem\",\"position\":1,\"name\":\"Startseite\",\"item\":\"https:\\\/\\\/monnempride.de\\\/\"},{\"@type\":\"ListItem\",\"position\":2,\"name\":\"Veranstaltungen\",\"item\":\"https:\\\/\\\/monnempride.de\\\/events\\\/\"},{\"@type\":\"ListItem\",\"position\":3,\"name\":\"queerlactica PRIDE AS F*CK\"}]},{\"@type\":\"WebSite\",\"@id\":\"https:\\\/\\\/monnempride.de\\\/#website\",\"url\":\"https:\\\/\\\/monnempride.de\\\/\",\"name\":\"Monnem Pride\",\"description\":\"zusammen eins \u2013 intersektional. antifaschistisch. queer.\",\"publisher\":{\"@id\":\"https:\\\/\\\/monnempride.de\\\/#organization\"},\"potentialAction\":[{\"@type\":\"SearchAction\",\"target\":{\"@type\":\"EntryPoint\",\"urlTemplate\":\"https:\\\/\\\/monnempride.de\\\/?s={search_term_string}\"},\"query-input\":{\"@type\":\"PropertyValueSpecification\",\"valueRequired\":true,\"valueName\":\"search_term_string\"}}],\"inLanguage\":\"en-US\"},{\"@type\":\"Organization\",\"@id\":\"https:\\\/\\\/monnempride.de\\\/#organization\",\"name\":\"Monnem Pride\",\"url\":\"https:\\\/\\\/monnempride.de\\\/\",\"logo\":{\"@type\":\"ImageObject\",\"inLanguage\":\"en-US\",\"@id\":\"https:\\\/\\\/monnempride.de\\\/#\\\/schema\\\/logo\\\/image\\\/\",\"url\":\"http:\\\/\\\/monnempride.de\\\/wp-content\\\/uploads\\\/2024\\\/01\\\/cropped-Element-1Logo-1.png\",\"contentUrl\":\"http:\\\/\\\/monnempride.de\\\/wp-content\\\/uploads\\\/2024\\\/01\\\/cropped-Element-1Logo-1.png\",\"width\":200,\"height\":114,\"caption\":\"Monnem Pride\"},\"image\":{\"@id\":\"https:\\\/\\\/monnempride.de\\\/#\\\/schema\\\/logo\\\/image\\\/\"}}]}<\/script>\n<!-- \/ Yoast SEO plugin. -->","yoast_head_json":{"title":"queerlactica PRIDE AS F*CK &#8211; Monnem Pride","description":"Die Queerlactica nimmt euch am Vorabend der Monnem Pride in neue Sph\u00e4ren mit!\u00a0Save the date und seid dabei!","robots":{"index":"index","follow":"follow","max-snippet":"max-snippet:-1","max-image-preview":"max-image-preview:large","max-video-preview":"max-video-preview:-1"},"canonical":"https:\/\/monnempride.de\/en\/event\/queerlactica\/","og_locale":"en_US","og_type":"article","og_title":"queerlactica PRIDE AS F*CK &#8211; Monnem Pride","og_description":"Die Queerlactica nimmt euch am Vorabend der Monnem Pride in neue Sph\u00e4ren mit!\u00a0Save the date und seid dabei!","og_url":"https:\/\/monnempride.de\/en\/event\/queerlactica\/","og_site_name":"Monnem Pride","article_modified_time":"2024-06-25T11:21:54+00:00","og_image":[{"url":"https:\/\/qzm-rn.de\/wp-content\/uploads\/2024\/06\/quad-unzensiert.png","type":"","width":"","height":""}],"twitter_card":"summary_large_image","twitter_misc":{"Est. reading time":"2 minutes"},"schema":{"@context":"https:\/\/schema.org","@graph":[{"@type":"WebPage","@id":"https:\/\/monnempride.de\/event\/queerlactica\/","url":"https:\/\/monnempride.de\/event\/queerlactica\/","name":"queerlactica PRIDE AS F*CK &#8211; Monnem Pride","isPartOf":{"@id":"https:\/\/monnempride.de\/#website"},"primaryImageOfPage":{"@id":"https:\/\/monnempride.de\/event\/queerlactica\/#primaryimage"},"image":{"@id":"https:\/\/monnempride.de\/event\/queerlactica\/#primaryimage"},"thumbnailUrl":"https:\/\/qzm-rn.de\/wp-content\/uploads\/2024\/06\/quad-unzensiert.png","datePublished":"2024-05-10T09:31:30+00:00","dateModified":"2024-06-25T11:21:54+00:00","description":"Die Queerlactica nimmt euch am Vorabend der Monnem Pride in neue Sph\u00e4ren mit!\u00a0Save the date und seid dabei!","breadcrumb":{"@id":"https:\/\/monnempride.de\/event\/queerlactica\/#breadcrumb"},"inLanguage":"en-US","potentialAction":[{"@type":"ReadAction","target":["https:\/\/monnempride.de\/event\/queerlactica\/"]}]},{"@type":"ImageObject","inLanguage":"en-US","@id":"https:\/\/monnempride.de\/event\/queerlactica\/#primaryimage","url":"https:\/\/qzm-rn.de\/wp-content\/uploads\/2024\/06\/quad-unzensiert.png","contentUrl":"https:\/\/qzm-rn.de\/wp-content\/uploads\/2024\/06\/quad-unzensiert.png"},{"@type":"BreadcrumbList","@id":"https:\/\/monnempride.de\/event\/queerlactica\/#breadcrumb","itemListElement":[{"@type":"ListItem","position":1,"name":"Startseite","item":"https:\/\/monnempride.de\/"},{"@type":"ListItem","position":2,"name":"Veranstaltungen","item":"https:\/\/monnempride.de\/events\/"},{"@type":"ListItem","position":3,"name":"queerlactica PRIDE AS F*CK"}]},{"@type":"WebSite","@id":"https:\/\/monnempride.de\/#website","url":"https:\/\/monnempride.de\/","name":"Monnem Pride","description":"zusammen eins \u2013 intersektional. antifaschistisch. queer.","publisher":{"@id":"https:\/\/monnempride.de\/#organization"},"potentialAction":[{"@type":"SearchAction","target":{"@type":"EntryPoint","urlTemplate":"https:\/\/monnempride.de\/?s={search_term_string}"},"query-input":{"@type":"PropertyValueSpecification","valueRequired":true,"valueName":"search_term_string"}}],"inLanguage":"en-US"},{"@type":"Organization","@id":"https:\/\/monnempride.de\/#organization","name":"Monnem Pride","url":"https:\/\/monnempride.de\/","logo":{"@type":"ImageObject","inLanguage":"en-US","@id":"https:\/\/monnempride.de\/#\/schema\/logo\/image\/","url":"http:\/\/monnempride.de\/wp-content\/uploads\/2024\/01\/cropped-Element-1Logo-1.png","contentUrl":"http:\/\/monnempride.de\/wp-content\/uploads\/2024\/01\/cropped-Element-1Logo-1.png","width":200,"height":114,"caption":"Monnem Pride"},"image":{"@id":"https:\/\/monnempride.de\/#\/schema\/logo\/image\/"}}]}},"_links":{"self":[{"href":"https:\/\/monnempride.de\/en\/wp-json\/wp\/v2\/tribe_events\/886","targetHints":{"allow":["GET"]}}],"collection":[{"href":"https:\/\/monnempride.de\/en\/wp-json\/wp\/v2\/tribe_events"}],"about":[{"href":"https:\/\/monnempride.de\/en\/wp-json\/wp\/v2\/types\/tribe_events"}],"author":[{"embeddable":true,"href":"https:\/\/monnempride.de\/en\/wp-json\/wp\/v2\/users\/1"}],"version-history":[{"count":7,"href":"https:\/\/monnempride.de\/en\/wp-json\/wp\/v2\/tribe_events\/886\/revisions"}],"predecessor-version":[{"id":1285,"href":"https:\/\/monnempride.de\/en\/wp-json\/wp\/v2\/tribe_events\/886\/revisions\/1285"}],"wp:attachment":[{"href":"https:\/\/monnempride.de\/en\/wp-json\/wp\/v2\/media?parent=886"}],"wp:term":[{"taxonomy":"post_tag","embeddable":true,"href":"https:\/\/monnempride.de\/en\/wp-json\/wp\/v2\/tags?post=886"},{"taxonomy":"tribe_events_cat","embeddable":true,"href":"https:\/\/monnempride.de\/en\/wp-json\/wp\/v2\/tribe_events_cat?post=886"}],"curies":[{"name":"wp","href":"https:\/\/api.w.org\/{rel}","templated":true}]}}